{"id":620,"date":"2016-04-14T12:35:22","date_gmt":"2016-04-14T16:35:22","guid":{"rendered":"https:\/\/rrcworldgroup.com\/?page_id=620"},"modified":"2026-03-27T13:30:02","modified_gmt":"2026-03-27T17:30:02","slug":"noticias","status":"publish","type":"page","link":"https:\/\/rrcworldgroup.com\/?page_id=620&lang=es","title":{"rendered":"Noticias"},"content":{"rendered":"<p>[et_pb_section fb_built=&#8221;1&#8243; fullwidth=&#8221;on&#8221; admin_label=&#8221;section&#8221; _builder_version=&#8221;4.16&#8243; global_colors_info=&#8221;{}&#8221;][et_pb_fullwidth_slider admin_label=&#8221;Fullwidth Slider&#8221; _builder_version=&#8221;4.16&#8243; parallax=&#8221;on&#8221; parallax_method=&#8221;on&#8221; custom_padding=&#8221;|||&#8221; custom_padding_tablet=&#8221;|||&#8221; custom_padding_phone=&#8221;|||&#8221; box_shadow_style=&#8221;preset6&#8243; box_shadow_blur=&#8221;10px&#8221; box_shadow_color=&#8221;rgba(0,0,0,0.1)&#8221; show_inner_shadow=&#8221;on&#8221; global_colors_info=&#8221;{}&#8221; button_text_size__hover_enabled=&#8221;off&#8221; button_one_text_size__hover_enabled=&#8221;off&#8221; button_two_text_size__hover_enabled=&#8221;off&#8221; button_text_color__hover_enabled=&#8221;off&#8221; button_one_text_color__hover_enabled=&#8221;off&#8221; button_two_text_color__hover_enabled=&#8221;off&#8221; button_border_width__hover_enabled=&#8221;off&#8221; button_one_border_width__hover_enabled=&#8221;off&#8221; button_two_border_width__hover_enabled=&#8221;off&#8221; button_border_color__hover_enabled=&#8221;off&#8221; button_one_border_color__hover_enabled=&#8221;off&#8221; button_two_border_color__hover_enabled=&#8221;off&#8221; button_border_radius__hover_enabled=&#8221;off&#8221; button_one_border_radius__hover_enabled=&#8221;off&#8221; button_two_border_radius__hover_enabled=&#8221;off&#8221; button_letter_spacing__hover_enabled=&#8221;off&#8221; button_one_letter_spacing__hover_enabled=&#8221;off&#8221; button_two_letter_spacing__hover_enabled=&#8221;off&#8221; button_bg_color__hover_enabled=&#8221;off&#8221; button_one_bg_color__hover_enabled=&#8221;off&#8221; button_two_bg_color__hover_enabled=&#8221;off&#8221;][et_pb_slide _builder_version=&#8221;4.16&#8243; background_color=&#8221;#ffffff&#8221; background_image=&#8221;https:\/\/rrcworldgroup.com\/wp-content\/uploads\/2016\/04\/header6.jpg&#8221; global_colors_info=&#8221;{}&#8221; button_text_size__hover_enabled=&#8221;off&#8221; button_one_text_size__hover_enabled=&#8221;off&#8221; button_two_text_size__hover_enabled=&#8221;off&#8221; button_text_color__hover_enabled=&#8221;off&#8221; button_one_text_color__hover_enabled=&#8221;off&#8221; button_two_text_color__hover_enabled=&#8221;off&#8221; button_border_width__hover_enabled=&#8221;off&#8221; button_one_border_width__hover_enabled=&#8221;off&#8221; button_two_border_width__hover_enabled=&#8221;off&#8221; button_border_color__hover_enabled=&#8221;off&#8221; button_one_border_color__hover_enabled=&#8221;off&#8221; button_two_border_color__hover_enabled=&#8221;off&#8221; button_border_radius__hover_enabled=&#8221;off&#8221; button_one_border_radius__hover_enabled=&#8221;off&#8221; button_two_border_radius__hover_enabled=&#8221;off&#8221; button_letter_spacing__hover_enabled=&#8221;off&#8221; button_one_letter_spacing__hover_enabled=&#8221;off&#8221; button_two_letter_spacing__hover_enabled=&#8221;off&#8221; button_bg_color__hover_enabled=&#8221;off&#8221; button_one_bg_color__hover_enabled=&#8221;off&#8221; button_two_bg_color__hover_enabled=&#8221;off&#8221; sticky_transition=&#8221;on&#8221;][\/et_pb_slide][\/et_pb_fullwidth_slider][\/et_pb_section][et_pb_section fb_built=&#8221;1&#8243; inner_shadow=&#8221;on&#8221; custom_padding_last_edited=&#8221;on|desktop&#8221; admin_label=&#8221;section&#8221; _builder_version=&#8221;4.16&#8243; background_color=&#8221;#f2f2f2&#8243; custom_padding_tablet=&#8221;50px|0|50px|0&#8243; custom_padding_phone=&#8221;50px|0|50px|0&#8243; transparent_background=&#8221;off&#8221; padding_mobile=&#8221;off&#8221; make_fullwidth=&#8221;off&#8221; use_custom_width=&#8221;off&#8221; width_unit=&#8221;on&#8221; global_colors_info=&#8221;{}&#8221;][et_pb_row admin_label=&#8221;row&#8221; _builder_version=&#8221;4.16&#8243; background_size=&#8221;initial&#8221; background_position=&#8221;top_left&#8221; background_repeat=&#8221;repeat&#8221; global_colors_info=&#8221;{}&#8221;][et_pb_column type=&#8221;4_4&#8243; _builder_version=&#8221;4.16&#8243; custom_padding=&#8221;|||&#8221; global_colors_info=&#8221;{}&#8221; custom_padding__hover=&#8221;|||&#8221;][et_pb_text admin_label=&#8221;Text&#8221; _builder_version=&#8221;4.16&#8243; background_size=&#8221;initial&#8221; background_position=&#8221;top_left&#8221; background_repeat=&#8221;repeat&#8221; global_colors_info=&#8221;{}&#8221;]<\/p>\n<h2 style=\"text-align: center;\">NOTICIAS<\/h2>\n<hr \/>\n<p>&nbsp;<br \/>\n[\/et_pb_text][\/et_pb_column][\/et_pb_row][et_pb_row column_structure=&#8221;1_3,2_3&#8243; admin_label=&#8221;Row&#8221; _builder_version=&#8221;4.16&#8243; background_size=&#8221;initial&#8221; background_position=&#8221;top_left&#8221; background_repeat=&#8221;repeat&#8221; hover_enabled=&#8221;0&#8243; global_colors_info=&#8221;{}&#8221; sticky_enabled=&#8221;0&#8243;][et_pb_column type=&#8221;1_3&#8243; _builder_version=&#8221;4.16&#8243; custom_padding=&#8221;|||&#8221; global_colors_info=&#8221;{}&#8221; custom_padding__hover=&#8221;|||&#8221;][et_pb_video_slider _builder_version=&#8221;4.23.1&#8243; _module_preset=&#8221;default&#8221; custom_margin=&#8221;0px||||false|false&#8221; hover_enabled=&#8221;0&#8243; global_colors_info=&#8221;{}&#8221; sticky_enabled=&#8221;0&#8243;][et_pb_video_slider_item src=&#8221;https:\/\/youtu.be\/86e0A4nuKuI&#8221; image_src=&#8221;\/\/i.ytimg.com\/vi\/QzrJ54eOWmk\/hqdefault.jpg&#8221; _builder_version=&#8221;4.23.1&#8243; _module_preset=&#8221;default&#8221; hover_enabled=&#8221;0&#8243; global_colors_info=&#8221;{}&#8221; show_image_overlay=&#8221;off&#8221; sticky_enabled=&#8221;0&#8243;][\/et_pb_video_slider_item][\/et_pb_video_slider][\/et_pb_column][et_pb_column type=&#8221;2_3&#8243; _builder_version=&#8221;4.16&#8243; custom_padding=&#8221;|||&#8221; global_colors_info=&#8221;{}&#8221; custom_padding__hover=&#8221;|||&#8221;][et_pb_text admin_label=&#8221;Text&#8221; _builder_version=&#8221;4.23.1&#8243; background_size=&#8221;initial&#8221; background_position=&#8221;top_left&#8221; background_repeat=&#8221;repeat&#8221; hover_enabled=&#8221;0&#8243; use_border_color=&#8221;off&#8221; border_color=&#8221;#ffffff&#8221; border_style=&#8221;solid&#8221; global_colors_info=&#8221;{}&#8221; custom_padding=&#8221;0px|||||&#8221; sticky_enabled=&#8221;0&#8243;]<\/p>\n<blockquote>\n<h1 dir=\"ltr\" class=\"text-display-large-bold pt6\"><span>Entrevista CNN Presidente Chile Transporte<\/span><\/h1>\n<p><span style=\"color: #808080;\">26\/03\/2026<\/span><\/p>\n<p><span>La palabra de Don Ra\u00fal Rom\u00e1n Clavero CEO de nuestra cia y Presidente de Chile Transporte AG <\/span><a class=\"x1i10hfl xjbqb8w x1ejq31n x18oe1m7 x1sy0etr xstzfhl x972fbf x10w94by x1qhh985 x14e42zd x9f619 x1ypdohk xt0psk2 x3ct3a4 xdj266r x14z9mp xat24cr x1lziwak xexx8yu xyri2b x18d9i69 x1c1uobl x16tdsg8 x1hl2dhg xggy1nq x1a2a7pz notranslate _a6hd\" href=\"https:\/\/www.instagram.com\/chiletransporte\/\" role=\"link\" tabindex=\"0\">@chiletransporte<\/a><span> en CNN Chile explicando el impacto del alza de los combustibles para el transporte por carretera.<\/span><\/p>\n<p>&nbsp;<\/p>\n<p><a class=\"link\" href=\"https:\/\/www.linkedin.com\/signup\/cold-join?session_redirect=https%3A%2F%2Fwww.linkedin.com%2Ffeed%2Fhashtag%2Frrc&amp;trk=public_post-text\" target=\"_self\" data-tracking-control-name=\"public_post-text\" data-tracking-will-navigate=\"\" rel=\"noopener\">#RRC<\/a> <a class=\"link\" href=\"https:\/\/www.linkedin.com\/signup\/cold-join?session_redirect=https%3A%2F%2Fwww.linkedin.com%2Ffeed%2Fhashtag%2Fbrasil&amp;trk=public_post-text\" target=\"_self\" data-tracking-control-name=\"public_post-text\" data-tracking-will-navigate=\"\" rel=\"noopener\">#AlzaCombustibles <\/a><a class=\"link\" href=\"https:\/\/www.linkedin.com\/signup\/cold-join?session_redirect=https%3A%2F%2Fwww.linkedin.com%2Ffeed%2Fhashtag%2Fchile&amp;trk=public_post-text\" target=\"_self\" data-tracking-control-name=\"public_post-text\" data-tracking-will-navigate=\"\" rel=\"noopener\">#<\/a><a class=\"link\" href=\"https:\/\/www.linkedin.com\/signup\/cold-join?session_redirect=https%3A%2F%2Fwww.linkedin.com%2Ffeed%2Fhashtag%2Fbrasil&amp;trk=public_post-text\" target=\"_self\" data-tracking-control-name=\"public_post-text\" data-tracking-will-navigate=\"\" rel=\"noopener\"><\/a>Transporte<a class=\"link\" href=\"https:\/\/www.linkedin.com\/signup\/cold-join?session_redirect=https%3A%2F%2Fwww.linkedin.com%2Ffeed%2Fhashtag%2Ftrabajo&amp;trk=public_post-text\" target=\"_self\" data-tracking-control-name=\"public_post-text\" data-tracking-will-navigate=\"\" rel=\"noopener\"><\/a> <a class=\"link\" href=\"https:\/\/www.linkedin.com\/signup\/cold-join?session_redirect=https%3A%2F%2Fwww.linkedin.com%2Ffeed%2Fhashtag%2Fchile&amp;trk=public_post-text\" target=\"_self\" data-tracking-control-name=\"public_post-text\" data-tracking-will-navigate=\"\" rel=\"noopener\">#Chile<\/a> <a class=\"link\" href=\"https:\/\/www.linkedin.com\/signup\/cold-join?session_redirect=https%3A%2F%2Fwww.linkedin.com%2Ffeed%2Fhashtag%2Fargentina&amp;trk=public_post-text\" target=\"_self\" data-tracking-control-name=\"public_post-text\" data-tracking-will-navigate=\"\" rel=\"noopener\">#Argentina<\/a> <a class=\"link\" href=\"https:\/\/www.linkedin.com\/signup\/cold-join?session_redirect=https%3A%2F%2Fwww.linkedin.com%2Ffeed%2Fhashtag%2Fperu&amp;trk=public_post-text\" target=\"_self\" data-tracking-control-name=\"public_post-text\" data-tracking-will-navigate=\"\" rel=\"noopener\">#Peru<\/a> <a class=\"link\" href=\"https:\/\/www.linkedin.com\/signup\/cold-join?session_redirect=https%3A%2F%2Fwww.linkedin.com%2Ffeed%2Fhashtag%2Fbrasil&amp;trk=public_post-text\" target=\"_self\" data-tracking-control-name=\"public_post-text\" data-tracking-will-navigate=\"\" rel=\"noopener\">#Brasil<\/a><\/p>\n<\/blockquote>\n<p>[\/et_pb_text][\/et_pb_column][\/et_pb_row][et_pb_row column_structure=&#8221;1_3,2_3&#8243; admin_label=&#8221;Row&#8221; _builder_version=&#8221;4.16&#8243; background_size=&#8221;initial&#8221; background_position=&#8221;top_left&#8221; background_repeat=&#8221;repeat&#8221; global_colors_info=&#8221;{}&#8221;][et_pb_column type=&#8221;1_3&#8243; _builder_version=&#8221;4.16&#8243; custom_padding=&#8221;|||&#8221; global_colors_info=&#8221;{}&#8221; custom_padding__hover=&#8221;|||&#8221;][et_pb_image src=&#8221;https:\/\/rrcworldgroup.com\/wp-content\/uploads\/2026\/03\/RRC-thinkgreen.jpg&#8221; title_text=&#8221;RRC-thinkgreen&#8221; _builder_version=&#8221;4.23.1&#8243; _module_preset=&#8221;default&#8221; global_colors_info=&#8221;{}&#8221;][\/et_pb_image][\/et_pb_column][et_pb_column type=&#8221;2_3&#8243; _builder_version=&#8221;4.16&#8243; custom_padding=&#8221;|||&#8221; global_colors_info=&#8221;{}&#8221; custom_padding__hover=&#8221;|||&#8221;][et_pb_text admin_label=&#8221;Text&#8221; _builder_version=&#8221;4.23.1&#8243; background_size=&#8221;initial&#8221; background_position=&#8221;top_left&#8221; background_repeat=&#8221;repeat&#8221; custom_padding=&#8221;0px|||||&#8221; use_border_color=&#8221;off&#8221; border_color=&#8221;#ffffff&#8221; border_style=&#8221;solid&#8221; global_colors_info=&#8221;{}&#8221;]<\/p>\n<blockquote>\n<h1 dir=\"ltr\" class=\"text-display-large-bold pt6\"><span>RRC ThinkGreen Scania R 460 GNL <\/span><\/h1>\n<p><span style=\"color: #808080;\">09\/03\/2025<\/span><\/p>\n<p>\u00a1En RRC, seguimos acelerando hacia un futuro m\u00e1s sostenible!\u00a0<br \/>Acabamos de incorporar a nuestra flota los nuevos camiones Scania R 460 GNL, impulsados por Gas Natural Licuado. Esta adquisici\u00f3n no es solo un aumento de flota: es un paso firme en nuestro proceso continuo de inversi\u00f3n para modernizar operaciones y liderar en eficiencia log\u00edstica.\u00a0<\/p>\n<p>\u00bfPor qu\u00e9 GNL? Porque priorizamos el planeta: estos equipos reducen hasta un 90% las emisiones de gases contaminantes como CO2 y NOx, y generan mucho menos ruido, contribuyendo a ciudades m\u00e1s limpias y silenciosas.\u00a0<br \/>En RRC, la innovaci\u00f3n y la responsabilidad ambiental van de la mano. \u00a1\u00danete a nosotros \u201cthinking green\u201d!<\/p>\n<p>#Sostenibilidad #InnovacionLogistica #ScaniaGNL #RRCForward<br \/>#ThinkGreen<\/p>\n<\/blockquote>\n<p>[\/et_pb_text][\/et_pb_column][\/et_pb_row][et_pb_row column_structure=&#8221;1_3,2_3&#8243; admin_label=&#8221;Row&#8221; _builder_version=&#8221;4.16&#8243; background_size=&#8221;initial&#8221; background_position=&#8221;top_left&#8221; background_repeat=&#8221;repeat&#8221; global_colors_info=&#8221;{}&#8221;][et_pb_column type=&#8221;1_3&#8243; _builder_version=&#8221;4.16&#8243; custom_padding=&#8221;|||&#8221; global_colors_info=&#8221;{}&#8221; custom_padding__hover=&#8221;|||&#8221;][et_pb_video_slider _builder_version=&#8221;4.23.1&#8243; _module_preset=&#8221;default&#8221; custom_margin=&#8221;0px||||false|false&#8221; global_colors_info=&#8221;{}&#8221;][et_pb_video_slider_item src=&#8221;https:\/\/rrcworldgroup.com\/wp-content\/uploads\/2025\/09\/ENATRANS-RRC2025.mp4&#8243; image_src=&#8221;<iframe title=%22Divi. The Ultimate WordPress Theme And Visual Page Builder%22 width=%221080%22 height=%22608%22 src=%22https:\/\/www.youtube.com\/embed\/FkQuawiGWUw?feature=oembed%22  allow=%22accelerometer; autoplay; clipboard-write; encrypted-media; gyroscope; picture-in-picture; web-share%22 referrerpolicy=%22strict-origin-when-cross-origin%22 allowfullscreen><\/iframe>&#8221; _builder_version=&#8221;4.23.1&#8243; _module_preset=&#8221;default&#8221; global_colors_info=&#8221;{}&#8221; show_image_overlay=&#8221;off&#8221;][\/et_pb_video_slider_item][\/et_pb_video_slider][\/et_pb_column][et_pb_column type=&#8221;2_3&#8243; _builder_version=&#8221;4.16&#8243; custom_padding=&#8221;|||&#8221; global_colors_info=&#8221;{}&#8221; custom_padding__hover=&#8221;|||&#8221;][et_pb_text admin_label=&#8221;Text&#8221; _builder_version=&#8221;4.23.1&#8243; background_size=&#8221;initial&#8221; background_position=&#8221;top_left&#8221; background_repeat=&#8221;repeat&#8221; use_border_color=&#8221;off&#8221; border_color=&#8221;#ffffff&#8221; border_style=&#8221;solid&#8221; global_colors_info=&#8221;{}&#8221;]<\/p>\n<blockquote>\n<h1 dir=\"ltr\" class=\"text-display-large-bold pt6\"><span>ENATRANS 2025<\/span><\/h1>\n<p><span style=\"color: #808080;\">05\/09\/2025<\/span><\/p>\n<p><span>La palabra de Don Ra\u00fal Rom\u00e1n Clavero CEO de nuestra cia y Presidente de Chile Transporte AG <\/span><a class=\"x1i10hfl xjbqb8w x1ejq31n x18oe1m7 x1sy0etr xstzfhl x972fbf x10w94by x1qhh985 x14e42zd x9f619 x1ypdohk xt0psk2 x3ct3a4 xdj266r x14z9mp xat24cr x1lziwak xexx8yu xyri2b x18d9i69 x1c1uobl x16tdsg8 x1hl2dhg xggy1nq x1a2a7pz notranslate _a6hd\" href=\"https:\/\/www.instagram.com\/chiletransporte\/\" role=\"link\" tabindex=\"0\">@chiletransporte<\/a><span> Luego la imagen junto con los prestigiosos oradores presentes en el marco del evento Enatrans 2025.<\/span><\/p>\n<p>&nbsp;<\/p>\n<p><a class=\"link\" href=\"https:\/\/www.linkedin.com\/signup\/cold-join?session_redirect=https%3A%2F%2Fwww.linkedin.com%2Ffeed%2Fhashtag%2Frrc&amp;trk=public_post-text\" target=\"_self\" data-tracking-control-name=\"public_post-text\" data-tracking-will-navigate=\"\" rel=\"noopener\">#RRC<\/a> <a class=\"link\" href=\"https:\/\/www.linkedin.com\/signup\/cold-join?session_redirect=https%3A%2F%2Fwww.linkedin.com%2Ffeed%2Fhashtag%2Ftrabajo&amp;trk=public_post-text\" target=\"_self\" data-tracking-control-name=\"public_post-text\" data-tracking-will-navigate=\"\" rel=\"noopener\"><\/a> <a class=\"link\" href=\"https:\/\/www.linkedin.com\/signup\/cold-join?session_redirect=https%3A%2F%2Fwww.linkedin.com%2Ffeed%2Fhashtag%2Fchile&amp;trk=public_post-text\" target=\"_self\" data-tracking-control-name=\"public_post-text\" data-tracking-will-navigate=\"\" rel=\"noopener\">#Chile<\/a> <a class=\"link\" href=\"https:\/\/www.linkedin.com\/signup\/cold-join?session_redirect=https%3A%2F%2Fwww.linkedin.com%2Ffeed%2Fhashtag%2Fargentina&amp;trk=public_post-text\" target=\"_self\" data-tracking-control-name=\"public_post-text\" data-tracking-will-navigate=\"\" rel=\"noopener\">#Argentina<\/a> <a class=\"link\" href=\"https:\/\/www.linkedin.com\/signup\/cold-join?session_redirect=https%3A%2F%2Fwww.linkedin.com%2Ffeed%2Fhashtag%2Fperu&amp;trk=public_post-text\" target=\"_self\" data-tracking-control-name=\"public_post-text\" data-tracking-will-navigate=\"\" rel=\"noopener\">#Peru<\/a> <a class=\"link\" href=\"https:\/\/www.linkedin.com\/signup\/cold-join?session_redirect=https%3A%2F%2Fwww.linkedin.com%2Ffeed%2Fhashtag%2Fbrasil&amp;trk=public_post-text\" target=\"_self\" data-tracking-control-name=\"public_post-text\" data-tracking-will-navigate=\"\" rel=\"noopener\">#Brasil<\/a><\/p>\n<\/blockquote>\n<p>[\/et_pb_text][\/et_pb_column][\/et_pb_row][et_pb_row column_structure=&#8221;1_3,2_3&#8243; admin_label=&#8221;Row&#8221; _builder_version=&#8221;4.16&#8243; background_size=&#8221;initial&#8221; background_position=&#8221;top_left&#8221; background_repeat=&#8221;repeat&#8221; global_colors_info=&#8221;{}&#8221;][et_pb_column type=&#8221;1_3&#8243; _builder_version=&#8221;4.16&#8243; custom_padding=&#8221;|||&#8221; global_colors_info=&#8221;{}&#8221; custom_padding__hover=&#8221;|||&#8221;][et_pb_video_slider _builder_version=&#8221;4.23.1&#8243; _module_preset=&#8221;default&#8221; custom_margin=&#8221;0px||||false|false&#8221; global_colors_info=&#8221;{}&#8221;][et_pb_video_slider_item src=&#8221;https:\/\/rrcworldgroup.com\/wp-content\/uploads\/2025\/09\/VOLVO-SUMMIT.mp4&#8243; image_src=&#8221;https:\/\/rrcworldgroup.com\/wp-content\/uploads\/2025\/09\/VOLVO-SUMMIT.jpg&#8221; _builder_version=&#8221;4.23.1&#8243; _module_preset=&#8221;default&#8221; global_colors_info=&#8221;{}&#8221; show_image_overlay=&#8221;off&#8221;][\/et_pb_video_slider_item][\/et_pb_video_slider][\/et_pb_column][et_pb_column type=&#8221;2_3&#8243; _builder_version=&#8221;4.16&#8243; custom_padding=&#8221;|||&#8221; global_colors_info=&#8221;{}&#8221; custom_padding__hover=&#8221;|||&#8221;][et_pb_text admin_label=&#8221;Text&#8221; _builder_version=&#8221;4.23.1&#8243; background_size=&#8221;initial&#8221; background_position=&#8221;top_left&#8221; background_repeat=&#8221;repeat&#8221; use_border_color=&#8221;off&#8221; border_color=&#8221;#ffffff&#8221; border_style=&#8221;solid&#8221; global_colors_info=&#8221;{}&#8221;]<\/p>\n<blockquote>\n<h1 dir=\"ltr\" class=\"text-display-large-bold pt6\"><span>Volvo Trucks Innovation Summit<\/span><\/h1>\n<p><span style=\"color: #808080;\">05\/09\/2025<\/span><\/p>\n<p><span>En el marco del Trucks Innovation Summit 2025, organizado por<\/span><span class=\"white-space-pre\"> <\/span><a class=\"cFdAjDCkoxlnqKOdoxTGnaSBvANxVbsdtZJhGo \" target=\"_self\" href=\"https:\/\/www.linkedin.com\/company\/volvochile\/\" data-test-app-aware-link=\"\" tabindex=\"0\" rel=\"noopener\"><span>Volvo Chile<\/span><\/a><span class=\"white-space-pre\"> <\/span><span>en Espacio Riesco, nuestro CEO y Presidente de<\/span><span class=\"white-space-pre\"> <\/span><a class=\"cFdAjDCkoxlnqKOdoxTGnaSBvANxVbsdtZJhGo \" target=\"_self\" href=\"https:\/\/www.linkedin.com\/company\/chiletransporte\/\" data-test-app-aware-link=\"\" tabindex=\"0\" rel=\"noopener\"><span>Chiletransporte A.G.<\/span><\/a><span class=\"white-space-pre\"> <\/span><span>Don Ra\u00fal Clavero, convers\u00f3 con<\/span><span class=\"white-space-pre\"> <\/span><a class=\"cFdAjDCkoxlnqKOdoxTGnaSBvANxVbsdtZJhGo \" target=\"_self\" href=\"https:\/\/www.linkedin.com\/company\/espaciot\/\" data-test-app-aware-link=\"\" tabindex=\"0\" rel=\"noopener\"><span>EspacioT<\/span><\/a><span class=\"white-space-pre\"> <\/span><span>acerca de los alcances de este gran evento.<\/span><\/p>\n<p>&nbsp;<\/p>\n<p><a class=\"link\" href=\"https:\/\/www.linkedin.com\/signup\/cold-join?session_redirect=https%3A%2F%2Fwww.linkedin.com%2Ffeed%2Fhashtag%2Frrc&amp;trk=public_post-text\" target=\"_self\" data-tracking-control-name=\"public_post-text\" data-tracking-will-navigate=\"\" rel=\"noopener\">#RRC<\/a> <a class=\"link\" href=\"https:\/\/www.linkedin.com\/signup\/cold-join?session_redirect=https%3A%2F%2Fwww.linkedin.com%2Ffeed%2Fhashtag%2Ftrabajo&amp;trk=public_post-text\" target=\"_self\" data-tracking-control-name=\"public_post-text\" data-tracking-will-navigate=\"\" rel=\"noopener\"><\/a> <a class=\"link\" href=\"https:\/\/www.linkedin.com\/signup\/cold-join?session_redirect=https%3A%2F%2Fwww.linkedin.com%2Ffeed%2Fhashtag%2Fchile&amp;trk=public_post-text\" target=\"_self\" data-tracking-control-name=\"public_post-text\" data-tracking-will-navigate=\"\" rel=\"noopener\">#Chile<\/a> <a class=\"link\" href=\"https:\/\/www.linkedin.com\/signup\/cold-join?session_redirect=https%3A%2F%2Fwww.linkedin.com%2Ffeed%2Fhashtag%2Fargentina&amp;trk=public_post-text\" target=\"_self\" data-tracking-control-name=\"public_post-text\" data-tracking-will-navigate=\"\" rel=\"noopener\">#Argentina<\/a> <a class=\"link\" href=\"https:\/\/www.linkedin.com\/signup\/cold-join?session_redirect=https%3A%2F%2Fwww.linkedin.com%2Ffeed%2Fhashtag%2Fperu&amp;trk=public_post-text\" target=\"_self\" data-tracking-control-name=\"public_post-text\" data-tracking-will-navigate=\"\" rel=\"noopener\">#Peru<\/a> <a class=\"link\" href=\"https:\/\/www.linkedin.com\/signup\/cold-join?session_redirect=https%3A%2F%2Fwww.linkedin.com%2Ffeed%2Fhashtag%2Fbrasil&amp;trk=public_post-text\" target=\"_self\" data-tracking-control-name=\"public_post-text\" data-tracking-will-navigate=\"\" rel=\"noopener\">#Brasil<\/a><\/p>\n<\/blockquote>\n<p>[\/et_pb_text][\/et_pb_column][\/et_pb_row][et_pb_row column_structure=&#8221;1_3,2_3&#8243; admin_label=&#8221;Row&#8221; _builder_version=&#8221;4.16&#8243; background_size=&#8221;initial&#8221; background_position=&#8221;top_left&#8221; background_repeat=&#8221;repeat&#8221; global_colors_info=&#8221;{}&#8221;][et_pb_column type=&#8221;1_3&#8243; _builder_version=&#8221;4.16&#8243; custom_padding=&#8221;|||&#8221; global_colors_info=&#8221;{}&#8221; custom_padding__hover=&#8221;|||&#8221;][et_pb_image src=&#8221;https:\/\/rrcworldgroup.com\/wp-content\/uploads\/2025\/09\/rrc-drugfree.jpg&#8221; title_text=&#8221;rrc-drugfree&#8221; _builder_version=&#8221;4.23.1&#8243; _module_preset=&#8221;default&#8221; global_colors_info=&#8221;{}&#8221;][\/et_pb_image][\/et_pb_column][et_pb_column type=&#8221;2_3&#8243; _builder_version=&#8221;4.16&#8243; custom_padding=&#8221;|||&#8221; global_colors_info=&#8221;{}&#8221; custom_padding__hover=&#8221;|||&#8221;][et_pb_text admin_label=&#8221;Text&#8221; _builder_version=&#8221;4.23.1&#8243; background_size=&#8221;initial&#8221; background_position=&#8221;top_left&#8221; background_repeat=&#8221;repeat&#8221; custom_padding=&#8221;0px|||||&#8221; use_border_color=&#8221;off&#8221; border_color=&#8221;#ffffff&#8221; border_style=&#8221;solid&#8221; global_colors_info=&#8221;{}&#8221;]<\/p>\n<blockquote>\n<h1 dir=\"ltr\" class=\"text-display-large-bold pt6\"><span>Drug Free Workplace\u00a0<\/span><\/h1>\n<p><span style=\"color: #808080;\">04\/09\/2025<\/span><\/p>\n<p>Nuestro director operacional Don Eduardo Mart\u00ednez participando en el 2do Congreso Latinoamericano Drug Free Workplace en Santiago de Chile.<br \/>El Segundo Congreso Latinoamericano Drug Free Workplace re\u00fane a destacados expertos internacionales y nacionales en pol\u00edticas de prevenci\u00f3n, salud ocupacional y cumplimiento normativo. Con a\u00f1os de trayectoria y una visi\u00f3n estrat\u00e9gica del entorno laboral, los speakers comparten experiencias reales, herramientas pr\u00e1cticas y casos de \u00e9xito para impulsar una cultura organizacional segura, productiva y sostenible.hashtag<\/p>\n<p>&nbsp;<\/p>\n<p><a class=\"link\" href=\"https:\/\/www.linkedin.com\/signup\/cold-join?session_redirect=https%3A%2F%2Fwww.linkedin.com%2Ffeed%2Fhashtag%2Frrc&amp;trk=public_post-text\" target=\"_self\" data-tracking-control-name=\"public_post-text\" data-tracking-will-navigate=\"\" rel=\"noopener\">#RRC<\/a> <a class=\"link\" href=\"https:\/\/www.linkedin.com\/signup\/cold-join?session_redirect=https%3A%2F%2Fwww.linkedin.com%2Ffeed%2Fhashtag%2Ftrabajo&amp;trk=public_post-text\" target=\"_self\" data-tracking-control-name=\"public_post-text\" data-tracking-will-navigate=\"\" rel=\"noopener\"><\/a> <a class=\"link\" href=\"https:\/\/www.linkedin.com\/signup\/cold-join?session_redirect=https%3A%2F%2Fwww.linkedin.com%2Ffeed%2Fhashtag%2Fchile&amp;trk=public_post-text\" target=\"_self\" data-tracking-control-name=\"public_post-text\" data-tracking-will-navigate=\"\" rel=\"noopener\">#Chile<\/a> <a class=\"link\" href=\"https:\/\/www.linkedin.com\/signup\/cold-join?session_redirect=https%3A%2F%2Fwww.linkedin.com%2Ffeed%2Fhashtag%2Fargentina&amp;trk=public_post-text\" target=\"_self\" data-tracking-control-name=\"public_post-text\" data-tracking-will-navigate=\"\" rel=\"noopener\">#Argentina<\/a> <a class=\"link\" href=\"https:\/\/www.linkedin.com\/signup\/cold-join?session_redirect=https%3A%2F%2Fwww.linkedin.com%2Ffeed%2Fhashtag%2Fperu&amp;trk=public_post-text\" target=\"_self\" data-tracking-control-name=\"public_post-text\" data-tracking-will-navigate=\"\" rel=\"noopener\">#Peru<\/a> <a class=\"link\" href=\"https:\/\/www.linkedin.com\/signup\/cold-join?session_redirect=https%3A%2F%2Fwww.linkedin.com%2Ffeed%2Fhashtag%2Fbrasil&amp;trk=public_post-text\" target=\"_self\" data-tracking-control-name=\"public_post-text\" data-tracking-will-navigate=\"\" rel=\"noopener\">#Brasil<\/a><\/p>\n<\/blockquote>\n<p>[\/et_pb_text][\/et_pb_column][\/et_pb_row][et_pb_row column_structure=&#8221;1_3,2_3&#8243; admin_label=&#8221;Row&#8221; _builder_version=&#8221;4.16&#8243; background_size=&#8221;initial&#8221; background_position=&#8221;top_left&#8221; background_repeat=&#8221;repeat&#8221; global_colors_info=&#8221;{}&#8221;][et_pb_column type=&#8221;1_3&#8243; _builder_version=&#8221;4.16&#8243; custom_padding=&#8221;|||&#8221; global_colors_info=&#8221;{}&#8221; custom_padding__hover=&#8221;|||&#8221;][et_pb_video_slider _builder_version=&#8221;4.23.1&#8243; _module_preset=&#8221;default&#8221; custom_margin=&#8221;0px||||false|false&#8221; global_colors_info=&#8221;{}&#8221;][et_pb_video_slider_item src=&#8221;https:\/\/rrcworldgroup.com\/wp-content\/uploads\/2024\/12\/Presidente-Chiletransportes.mp4&#8243; _builder_version=&#8221;4.23.1&#8243; _module_preset=&#8221;default&#8221; global_colors_info=&#8221;{}&#8221; show_image_overlay=&#8221;off&#8221;][\/et_pb_video_slider_item][\/et_pb_video_slider][\/et_pb_column][et_pb_column type=&#8221;2_3&#8243; _builder_version=&#8221;4.16&#8243; custom_padding=&#8221;|||&#8221; global_colors_info=&#8221;{}&#8221; custom_padding__hover=&#8221;|||&#8221;][et_pb_text admin_label=&#8221;Text&#8221; _builder_version=&#8221;4.23.1&#8243; background_size=&#8221;initial&#8221; background_position=&#8221;top_left&#8221; background_repeat=&#8221;repeat&#8221; use_border_color=&#8221;off&#8221; border_color=&#8221;#ffffff&#8221; border_style=&#8221;solid&#8221; global_colors_info=&#8221;{}&#8221;]<\/p>\n<blockquote>\n<h1 dir=\"ltr\" class=\"text-display-large-bold pt6\"><span>ENATRANS 2024<\/span><\/h1>\n<p><span style=\"color: #808080;\">01\/12\/2024<\/span><\/p>\n<p>Entrevista a nuestro CEO Raul Clavero,\u00a0presidente de ChileTransporte, destac\u00f3 la importancia de la sostenibilidad en el transporte de carga y las alianzas estrat\u00e9gicas para avanzar hacia un modelo m\u00e1s responsable.\u00a0<a href=\"mailto:postulantes@rrcycia.com\"><\/a><\/p>\n<p>&nbsp;<\/p>\n<p><a class=\"link\" href=\"https:\/\/www.linkedin.com\/signup\/cold-join?session_redirect=https%3A%2F%2Fwww.linkedin.com%2Ffeed%2Fhashtag%2Frrc&amp;trk=public_post-text\" target=\"_self\" data-tracking-control-name=\"public_post-text\" data-tracking-will-navigate=\"\" rel=\"noopener\">#RRC<\/a> <a class=\"link\" href=\"https:\/\/www.linkedin.com\/signup\/cold-join?session_redirect=https%3A%2F%2Fwww.linkedin.com%2Ffeed%2Fhashtag%2Ftrabajo&amp;trk=public_post-text\" target=\"_self\" data-tracking-control-name=\"public_post-text\" data-tracking-will-navigate=\"\" rel=\"noopener\"><\/a> <a class=\"link\" href=\"https:\/\/www.linkedin.com\/signup\/cold-join?session_redirect=https%3A%2F%2Fwww.linkedin.com%2Ffeed%2Fhashtag%2Fchile&amp;trk=public_post-text\" target=\"_self\" data-tracking-control-name=\"public_post-text\" data-tracking-will-navigate=\"\" rel=\"noopener\">#Chile<\/a> <a class=\"link\" href=\"https:\/\/www.linkedin.com\/signup\/cold-join?session_redirect=https%3A%2F%2Fwww.linkedin.com%2Ffeed%2Fhashtag%2Fargentina&amp;trk=public_post-text\" target=\"_self\" data-tracking-control-name=\"public_post-text\" data-tracking-will-navigate=\"\" rel=\"noopener\">#Argentina<\/a> <a class=\"link\" href=\"https:\/\/www.linkedin.com\/signup\/cold-join?session_redirect=https%3A%2F%2Fwww.linkedin.com%2Ffeed%2Fhashtag%2Fperu&amp;trk=public_post-text\" target=\"_self\" data-tracking-control-name=\"public_post-text\" data-tracking-will-navigate=\"\" rel=\"noopener\">#Peru<\/a> <a class=\"link\" href=\"https:\/\/www.linkedin.com\/signup\/cold-join?session_redirect=https%3A%2F%2Fwww.linkedin.com%2Ffeed%2Fhashtag%2Fbrasil&amp;trk=public_post-text\" target=\"_self\" data-tracking-control-name=\"public_post-text\" data-tracking-will-navigate=\"\" rel=\"noopener\">#Brasil<\/a><\/p>\n<\/blockquote>\n<p>[\/et_pb_text][\/et_pb_column][\/et_pb_row][et_pb_row column_structure=&#8221;1_3,2_3&#8243; admin_label=&#8221;Row&#8221; _builder_version=&#8221;4.16&#8243; background_size=&#8221;initial&#8221; background_position=&#8221;top_left&#8221; background_repeat=&#8221;repeat&#8221; global_colors_info=&#8221;{}&#8221;][et_pb_column type=&#8221;1_3&#8243; _builder_version=&#8221;4.16&#8243; custom_padding=&#8221;|||&#8221; global_colors_info=&#8221;{}&#8221; custom_padding__hover=&#8221;|||&#8221;][et_pb_image src=&#8221;https:\/\/rrcworldgroup.com\/wp-content\/uploads\/2024\/12\/enatrans_2024.png&#8221; title_text=&#8221;enatrans_2024&#8243; _builder_version=&#8221;4.23.1&#8243; _module_preset=&#8221;default&#8221; global_colors_info=&#8221;{}&#8221;][\/et_pb_image][\/et_pb_column][et_pb_column type=&#8221;2_3&#8243; _builder_version=&#8221;4.16&#8243; custom_padding=&#8221;|||&#8221; global_colors_info=&#8221;{}&#8221; custom_padding__hover=&#8221;|||&#8221;][et_pb_text admin_label=&#8221;Text&#8221; _builder_version=&#8221;4.23.1&#8243; background_size=&#8221;initial&#8221; background_position=&#8221;top_left&#8221; background_repeat=&#8221;repeat&#8221; use_border_color=&#8221;off&#8221; border_color=&#8221;#ffffff&#8221; border_style=&#8221;solid&#8221; global_colors_info=&#8221;{}&#8221;]<\/p>\n<blockquote>\n<h1 dir=\"ltr\" class=\"text-display-large-bold pt6\"><span style=\"font-size: 30px;\">ENATRANS 2024: Scania y Chile Transporte impulsan las proyecciones del transporte sostenible hacia 2025<\/span><\/h1>\n<h1 dir=\"ltr\" class=\"text-display-large-bold pt6\"><span style=\"color: #808080; font-size: 16px;\">4\/12\/2024 Nota de <\/span><a href=\"https:\/\/www.diarioestrategia.cl\/texto-diario\/mostrar\/5090775\/enatrans-2024-scania-chile-transporte-impulsan-proyecciones-transporte-sostenible-hacia-2025\" style=\"font-size: 16px;\">diarioestrategia.cl\u00a0<\/a><\/h1>\n<p>Scania Chile, en colaboraci\u00f3n con Chile Transporte, encabez\u00f3 el Encuentro Nacional del Transporte de Carga 2024 (ENATRANS), un evento clave para discutir las proyecciones del transporte de carga hacia 2025. Este evento reuni\u00f3 a autoridades, expertos y l\u00edderes de la industria para debatir los desaf\u00edos y oportunidades del sector, con un fuerte enfoque en sostenibilidad, eficiencia y pol\u00edticas p\u00fablicas.<\/p>\n<p>Uno de los puntos m\u00e1s destacados de la jornada fue el lanzamiento del cami\u00f3n Scania SUPER, un modelo innovador que redefine los est\u00e1ndares del transporte de carga. Scania SUPER ofrece una reducci\u00f3n del consumo de combustible de hasta un 8% y menores emisiones de carbono, posicion\u00e1ndose como una soluci\u00f3n clave en la transici\u00f3n hacia un transporte m\u00e1s limpio. En su intervenci\u00f3n, Ignacio Urcelay, director general de Scania Chile, expres\u00f3:<\/p>\n<p>&#8220;Con el lanzamiento del cami\u00f3n Scania SUPER reafirmamos nuestro compromiso con un futuro m\u00e1s sostenible y eficiente. Este modelo es un paso fundamental para liderar la transformaci\u00f3n hacia un transporte de carga m\u00e1s responsable con el medio ambiente.&#8221;<\/p>\n<p>El subsecretario de Transporte, Jorge Daza, tambi\u00e9n particip\u00f3 activamente en el evento y destac\u00f3 la importancia de las pol\u00edticas p\u00fablicas para acompa\u00f1ar esta transformaci\u00f3n:<\/p>\n<p>&#8220;Como subsecretario, manifestar el compromiso del Ministerio de Transportes con el transporte de carga del pa\u00eds. Desde la subsecretar\u00eda, hemos trabajado desde el primer d\u00eda teniendo como prioridad el trabajo conjunto y la alianza p\u00fablico-privada, fundamental para desarrollar esta industria que representa m\u00e1s del 90% del transporte de carga en nuestro pa\u00eds.&#8221;<\/p>\n<p>En ENATRANS 2024, <strong>Ra\u00fal Clavero, presidente de ChileTransporte<\/strong>, destac\u00f3 la importancia de la sostenibilidad en el transporte de carga y las alianzas estrat\u00e9gicas para avanzar hacia un modelo m\u00e1s responsable.<\/p>\n<p>\u201cEntendemos que nuestra actividad genera el 25% de las emisiones, por lo que nuestro objetivo es ser cada d\u00eda m\u00e1s sostenibles. Para lograrlo, fortalecemos alianzas estrat\u00e9gicas con socios como Scania, que hoy lanza su cami\u00f3n SUPER, un paso concreto hacia un transporte m\u00e1s eficiente y respetuoso con el medio ambiente. Como escuch\u00e9 en la f\u00e1brica de Scania en Brasil, &#8216;el futuro es ecl\u00e9ctico&#8217;. Este concepto nos recuerda que, antes de llegar a la m\u00e1xima sustentabilidad, exploraremos diversas etapas y combustibles alternativos para construir un camino seguro hacia lo el\u00e9ctrico\u201d, se\u00f1al\u00f3 <strong>Ra\u00fal Clavero<\/strong>.<\/p>\n<p>En la charla Proyecciones 2025, Pepe Auth, analista pol\u00edtico, y \u00c1ngel Cabrera, analista econ\u00f3mico, aportaron valiosas perspectivas sobre los retos y oportunidades para el sector y el pa\u00eds.<\/p>\n<p>El evento tambi\u00e9n cont\u00f3 con la participaci\u00f3n de Tom\u00e1s Lizana, jefe de Negocios Complementarios y Energ\u00eda en Copec, quien present\u00f3 su charla titulada \u201cte acompa\u00f1amos y movemos contigo\u201d, donde abord\u00f3 las oportunidades energ\u00e9ticas que respaldar\u00e1n la transici\u00f3n hacia nuevas tecnolog\u00edas.<\/p>\n<p>ENATRANS 2024 reafirma su posici\u00f3n como un foro esencial para construir el futuro del transporte de carga en Chile. Scania y Chile Transporte lideran este cambio, promoviendo un modelo m\u00e1s eficiente, competitivo y sostenible, con la mirada puesta en las metas para el 2025.<\/p>\n<\/blockquote>\n<h1 dir=\"ltr\" class=\"text-display-large-bold pt6\"><a href=\"https:\/\/www.diarioestrategia.cl\/texto-diario\/mostrar\/5090775\/enatrans-2024-scania-chile-transporte-impulsan-proyecciones-transporte-sostenible-hacia-2025\" style=\"font-size: 16px;\"><\/a><\/h1>\n<p>&nbsp;<\/p>\n<p>[\/et_pb_text][\/et_pb_column][\/et_pb_row][et_pb_row column_structure=&#8221;1_3,2_3&#8243; admin_label=&#8221;Row&#8221; _builder_version=&#8221;4.16&#8243; background_size=&#8221;initial&#8221; background_position=&#8221;top_left&#8221; background_repeat=&#8221;repeat&#8221; global_colors_info=&#8221;{}&#8221;][et_pb_column type=&#8221;1_3&#8243; _builder_version=&#8221;4.16&#8243; custom_padding=&#8221;|||&#8221; global_colors_info=&#8221;{}&#8221; custom_padding__hover=&#8221;|||&#8221;][et_pb_image src=&#8221;https:\/\/rrcworldgroup.com\/wp-content\/uploads\/2024\/05\/CV_RRC.jpg&#8221; title_text=&#8221;CV_RRC&#8221; _builder_version=&#8221;4.23.1&#8243; _module_preset=&#8221;default&#8221; global_colors_info=&#8221;{}&#8221;][\/et_pb_image][\/et_pb_column][et_pb_column type=&#8221;2_3&#8243; _builder_version=&#8221;4.16&#8243; custom_padding=&#8221;|||&#8221; global_colors_info=&#8221;{}&#8221; custom_padding__hover=&#8221;|||&#8221;][et_pb_text admin_label=&#8221;Text&#8221; _builder_version=&#8221;4.23.1&#8243; background_size=&#8221;initial&#8221; background_position=&#8221;top_left&#8221; background_repeat=&#8221;repeat&#8221; use_border_color=&#8221;off&#8221; border_color=&#8221;#ffffff&#8221; border_style=&#8221;solid&#8221; global_colors_info=&#8221;{}&#8221;]<\/p>\n<blockquote>\n<h1 dir=\"ltr\" class=\"text-display-large-bold pt6\"><span>\u00bfQUIERES FORMAR PARTE DE NUESTRA ESCUDER\u00cdA?<\/span><\/h1>\n<p><span style=\"color: #808080;\">23\/05\/2024<\/span><\/p>\n<p><span>En este posteo encontrar\u00e1s los requisitos, la renta m\u00ednima mensual garantizada y c\u00f3mo postularte. <\/span><\/p>\n<p><span>TE ESPERAMOS!!<\/span><span style=\"font-size: 14px;\"> <\/span><span style=\"font-size: 14px;\">\u00a0<\/span><\/p>\n<p>&nbsp;<\/p>\n<p>Requisitos:<\/p>\n<ul>\n<li>Licencia de conducir chilena vigente<\/li>\n<li>Experiencia en cruce de cordillera<\/li>\n<li>Residencia en Mendoza o Chile\u00a0<\/li>\n<\/ul>\n<p>&nbsp;<\/p>\n<p>Envia tu correo a <a href=\"mailto:postulantes@rrcycia.com\">postulantes@rrcycia.com<\/a><\/p>\n<p>&nbsp;<\/p>\n<p><a class=\"link\" href=\"https:\/\/www.linkedin.com\/signup\/cold-join?session_redirect=https%3A%2F%2Fwww.linkedin.com%2Ffeed%2Fhashtag%2Frrc&amp;trk=public_post-text\" target=\"_self\" data-tracking-control-name=\"public_post-text\" data-tracking-will-navigate=\"\" rel=\"noopener\">#RRC<\/a> <a class=\"link\" href=\"https:\/\/www.linkedin.com\/signup\/cold-join?session_redirect=https%3A%2F%2Fwww.linkedin.com%2Ffeed%2Fhashtag%2Fconductores&amp;trk=public_post-text\" target=\"_self\" data-tracking-control-name=\"public_post-text\" data-tracking-will-navigate=\"\" rel=\"noopener\">#Conductores<\/a> <a class=\"link\" href=\"https:\/\/www.linkedin.com\/signup\/cold-join?session_redirect=https%3A%2F%2Fwww.linkedin.com%2Ffeed%2Fhashtag%2Fpostulantes&amp;trk=public_post-text\" target=\"_self\" data-tracking-control-name=\"public_post-text\" data-tracking-will-navigate=\"\" rel=\"noopener\">#Postulantes<\/a> <a class=\"link\" href=\"https:\/\/www.linkedin.com\/signup\/cold-join?session_redirect=https%3A%2F%2Fwww.linkedin.com%2Ffeed%2Fhashtag%2Ftrabajo&amp;trk=public_post-text\" target=\"_self\" data-tracking-control-name=\"public_post-text\" data-tracking-will-navigate=\"\" rel=\"noopener\">#Trabajo<\/a> <a class=\"link\" href=\"https:\/\/www.linkedin.com\/signup\/cold-join?session_redirect=https%3A%2F%2Fwww.linkedin.com%2Ffeed%2Fhashtag%2Fchile&amp;trk=public_post-text\" target=\"_self\" data-tracking-control-name=\"public_post-text\" data-tracking-will-navigate=\"\" rel=\"noopener\">#Chile<\/a> <a class=\"link\" href=\"https:\/\/www.linkedin.com\/signup\/cold-join?session_redirect=https%3A%2F%2Fwww.linkedin.com%2Ffeed%2Fhashtag%2Fargentina&amp;trk=public_post-text\" target=\"_self\" data-tracking-control-name=\"public_post-text\" data-tracking-will-navigate=\"\" rel=\"noopener\">#Argentina<\/a> <a class=\"link\" href=\"https:\/\/www.linkedin.com\/signup\/cold-join?session_redirect=https%3A%2F%2Fwww.linkedin.com%2Ffeed%2Fhashtag%2Fperu&amp;trk=public_post-text\" target=\"_self\" data-tracking-control-name=\"public_post-text\" data-tracking-will-navigate=\"\" rel=\"noopener\">#Peru<\/a> <a class=\"link\" href=\"https:\/\/www.linkedin.com\/signup\/cold-join?session_redirect=https%3A%2F%2Fwww.linkedin.com%2Ffeed%2Fhashtag%2Fbrasil&amp;trk=public_post-text\" target=\"_self\" data-tracking-control-name=\"public_post-text\" data-tracking-will-navigate=\"\" rel=\"noopener\">#Brasil<\/a><\/p>\n<\/blockquote>\n<p>[\/et_pb_text][\/et_pb_column][\/et_pb_row][et_pb_row column_structure=&#8221;1_3,2_3&#8243; admin_label=&#8221;Row&#8221; _builder_version=&#8221;4.16&#8243; background_size=&#8221;initial&#8221; background_position=&#8221;top_left&#8221; background_repeat=&#8221;repeat&#8221; global_colors_info=&#8221;{}&#8221;][et_pb_column type=&#8221;1_3&#8243; _builder_version=&#8221;4.16&#8243; custom_padding=&#8221;|||&#8221; global_colors_info=&#8221;{}&#8221; custom_padding__hover=&#8221;|||&#8221;][et_pb_image src=&#8221;https:\/\/rrcworldgroup.com\/wp-content\/uploads\/2024\/04\/RRC_BRASIL.jpeg&#8221; title_text=&#8221;RRC_BRASIL&#8221; _builder_version=&#8221;4.23.1&#8243; _module_preset=&#8221;default&#8221; global_colors_info=&#8221;{}&#8221;][\/et_pb_image][\/et_pb_column][et_pb_column type=&#8221;2_3&#8243; _builder_version=&#8221;4.16&#8243; custom_padding=&#8221;|||&#8221; global_colors_info=&#8221;{}&#8221; custom_padding__hover=&#8221;|||&#8221;][et_pb_text admin_label=&#8221;Text&#8221; _builder_version=&#8221;4.23.1&#8243; background_size=&#8221;initial&#8221; background_position=&#8221;top_left&#8221; background_repeat=&#8221;repeat&#8221; use_border_color=&#8221;off&#8221; border_color=&#8221;#ffffff&#8221; border_style=&#8221;solid&#8221; global_colors_info=&#8221;{}&#8221;]<\/p>\n<blockquote>\n<h1 dir=\"ltr\" class=\"text-display-large-bold pt6\">ABRIENDO NUEVOS CAMINOS<\/h1>\n<p><span style=\"color: #808080;\">14\/04\/2024<\/span><\/p>\n<p>Bienvenidos a la nueva era de conectividad internacional!<\/p>\n<p>Nos complace anunciar la apertura de nuestra nueva ruta hacia Brasil, un emocionante paso adelante en nuestro compromiso de brindar soluciones log\u00edsticas de clase mundial. Como l\u00edderes en transporte internacional, hemos trazado un camino que une comunidades, conectando personas y negocios de manera eficiente y confiable. Nuestra nueva ruta hacia Brasil representa una oportunidad emocionante para expandir horizontes comerciales, facilitando el intercambio de bienes y fortaleciendo las relaciones comerciales entre nuestros pa\u00edses tal cual lo hacemos hace m\u00e1s de 40 a\u00f1os entre Chile, Argentina y Per\u00fa. Con una fuerte estructura corporativa y una flota de \u00faltima generaci\u00f3n, estamos listos para superar las expectativas del mercado y hacer que la experiencia de env\u00edo de sus mercader\u00edas sea fluida y sin complicaciones. En nuestra empresa, la excelencia es nuestra norma. Desde la planificaci\u00f3n meticulosa hasta la ejecuci\u00f3n impecable, cada paso del camino est\u00e1 marcado por un compromiso inquebrantable con la calidad, la satisfacci\u00f3n del cliente y la sostenibilidad. Nuestro equipo altamente capacitado y nuestras avanzadas tecnolog\u00edas garantizan que sus mercader\u00edas lleguen a su destino de manera segura y puntual, sin importar la distancia. Al elegir nuestra nueva ruta hacia Brasil, elegir\u00e1n la excelencia, la confiabilidad y la innovaci\u00f3n. \u00dananse a nosotros mientras trazamos juntos el camino hacia un futuro m\u00e1s conectado y pr\u00f3spero. Estamos emocionados de emprender este viaje junto a Uds.<\/p>\n<p>&nbsp;<\/p>\n<p>\u00a1Bienvenidos a bordo!<\/p>\n<p>&nbsp;<\/p>\n<p>&nbsp;<\/p>\n<p>Ra\u00fal Rom\u00e1n Clavero<\/p>\n<p>Director &amp; CEO<\/p>\n<p>&nbsp;<\/p>\n<h5><a href=\"https:\/\/www.linkedin.com\/feed\/hashtag\/?keywords=chile&amp;highlightedUpdateUrns=urn%3Ali%3Aactivity%3A7118207591997960194\" data-attribute-index=\"0\">#Chile<\/a><span>\u00a0<\/span><a href=\"https:\/\/www.linkedin.com\/feed\/hashtag\/?keywords=logisticainternacional&amp;highlightedUpdateUrns=urn%3Ali%3Aactivity%3A7118207591997960194\" data-attribute-index=\"1\">#LogisticaInternacional<\/a><span>\u00a0<\/span><a href=\"https:\/\/www.linkedin.com\/feed\/hashtag\/?keywords=logisticacolaborativa&amp;highlightedUpdateUrns=urn%3Ali%3Aactivity%3A7118207591997960194\" data-attribute-index=\"2\">#LogisticaColaborativa<\/a><span>\u00a0<\/span><a href=\"https:\/\/www.linkedin.com\/feed\/hashtag\/?keywords=transporte&amp;highlightedUpdateUrns=urn%3Ali%3Aactivity%3A7118207591997960194\" data-attribute-index=\"3\">#Transporte<\/a><span>\u00a0<\/span><a href=\"https:\/\/www.linkedin.com\/feed\/hashtag\/?keywords=rrc&amp;highlightedUpdateUrns=urn%3Ali%3Aactivity%3A7118207591997960194\" data-attribute-index=\"4\">#RRC #Brasil<\/a><\/h5>\n<\/blockquote>\n<p>[\/et_pb_text][\/et_pb_column][\/et_pb_row][et_pb_row column_structure=&#8221;1_3,2_3&#8243; admin_label=&#8221;Row&#8221; _builder_version=&#8221;4.16&#8243; background_size=&#8221;initial&#8221; background_position=&#8221;top_left&#8221; background_repeat=&#8221;repeat&#8221; global_colors_info=&#8221;{}&#8221;][et_pb_column type=&#8221;1_3&#8243; _builder_version=&#8221;4.16&#8243; custom_padding=&#8221;|||&#8221; global_colors_info=&#8221;{}&#8221; custom_padding__hover=&#8221;|||&#8221;][et_pb_image src=&#8221;https:\/\/rrcworldgroup.com\/wp-content\/uploads\/2024\/04\/RRC_BRASIL.jpeg&#8221; title_text=&#8221;RRC_BRASIL&#8221; _builder_version=&#8221;4.23.1&#8243; _module_preset=&#8221;default&#8221; global_colors_info=&#8221;{}&#8221;][\/et_pb_image][\/et_pb_column][et_pb_column type=&#8221;2_3&#8243; _builder_version=&#8221;4.16&#8243; custom_padding=&#8221;|||&#8221; global_colors_info=&#8221;{}&#8221; custom_padding__hover=&#8221;|||&#8221;][et_pb_text admin_label=&#8221;Text&#8221; _builder_version=&#8221;4.23.1&#8243; background_size=&#8221;initial&#8221; background_position=&#8221;top_left&#8221; background_repeat=&#8221;repeat&#8221; use_border_color=&#8221;off&#8221; border_color=&#8221;#ffffff&#8221; border_style=&#8221;solid&#8221; global_colors_info=&#8221;{}&#8221;]<\/p>\n<blockquote>\n<h1 dir=\"ltr\" class=\"text-display-large-bold pt6\">ABRINDO NOVOSCAMINHOS<\/h1>\n<p><span style=\"color: #808080;\">14\/04\/2024<\/span><\/p>\n<p>Bem-vindo \u00e0 nova era da conectividade internacional<\/p>\n<p><span style=\"color: #808080;\"><\/span><\/p>\n<p>Temos o prazer de anunciar a abertura de nossa nova rota para o Brasil, um passo emocionante em nosso compromisso de fornecer solu\u00e7\u00f5es log\u00edsticas de classe mundial. Como l\u00edderes no transporte internacional, tra\u00e7amos um caminho que une comunidades, conectando pessoas e empresas de forma eficiente e confi\u00e1vel. Nossa nova rota para o Brasil representa uma excelente oportunidade para expandir os horizontes comerciais, facilitando o interc\u00e2mbio de mercadorias e fortalecendo as rela\u00e7\u00f5es comerciais entre nossos pa\u00edses, assim como temos feito h\u00e1 mais de 40 anos entre Chile, Argentina e Peru. Com uma forte estrutura corporativa e uma frota de \u00faltima gera\u00e7\u00e3o, estamos prontos para superar as expectativas do mercado e tornar a sua experi\u00eancia de envio de mercadorias perfeita e descomplicada. Na nossa empresa, a excel\u00eancia \u00e9 o nosso padr\u00e3o. Do planejamento meticuloso \u00e0 execu\u00e7\u00e3o impec\u00e1vel, cada passo do caminho \u00e9 marcado por um compromisso inabal\u00e1vel com a qualidade, a satisfa\u00e7\u00e3o do cliente e a sustentabilidade. Nossa equipe altamente treinada e tecnologias avan\u00e7adas garantem que sua mercadoria chegue ao destino com seguran\u00e7a e pontualidade, independente da dist\u00e2ncia. Ao escolher nossa nova rota para o Brasil, voc\u00ea escolher\u00e1 excel\u00eancia, confiabilidade e inova\u00e7\u00e3o. Junte-se a n\u00f3s enquanto tra\u00e7amos juntos o caminho para um futuro mais conectado e pr\u00f3spero. Estamos entusiasmados em embarcar nesta jornada com voc\u00ea.<\/p>\n<p>&nbsp;<\/p>\n<p>Bem-vindo a bordo!<\/p>\n<p>&nbsp;<\/p>\n<p>&nbsp;<\/p>\n<p>Ra\u00fal Rom\u00e1n Clavero<\/p>\n<p>Director &amp; CEO<\/p>\n<p>&nbsp;<\/p>\n<h5><a href=\"https:\/\/www.linkedin.com\/feed\/hashtag\/?keywords=chile&amp;highlightedUpdateUrns=urn%3Ali%3Aactivity%3A7118207591997960194\" data-attribute-index=\"0\">#Chile<\/a><span>\u00a0<\/span><a href=\"https:\/\/www.linkedin.com\/feed\/hashtag\/?keywords=logisticainternacional&amp;highlightedUpdateUrns=urn%3Ali%3Aactivity%3A7118207591997960194\" data-attribute-index=\"1\">#LogisticaInternacional<\/a><span>\u00a0<\/span><a href=\"https:\/\/www.linkedin.com\/feed\/hashtag\/?keywords=logisticacolaborativa&amp;highlightedUpdateUrns=urn%3Ali%3Aactivity%3A7118207591997960194\" data-attribute-index=\"2\">#LogisticaColaborativa<\/a><span>\u00a0<\/span><a href=\"https:\/\/www.linkedin.com\/feed\/hashtag\/?keywords=transporte&amp;highlightedUpdateUrns=urn%3Ali%3Aactivity%3A7118207591997960194\" data-attribute-index=\"3\">#Transporte<\/a><span>\u00a0<\/span><a href=\"https:\/\/www.linkedin.com\/feed\/hashtag\/?keywords=rrc&amp;highlightedUpdateUrns=urn%3Ali%3Aactivity%3A7118207591997960194\" data-attribute-index=\"4\">#RRC #Brasil<\/a><\/h5>\n<\/blockquote>\n<p>[\/et_pb_text][\/et_pb_column][\/et_pb_row][et_pb_row column_structure=&#8221;1_3,2_3&#8243; admin_label=&#8221;Row&#8221; _builder_version=&#8221;4.16&#8243; background_size=&#8221;initial&#8221; background_position=&#8221;top_left&#8221; background_repeat=&#8221;repeat&#8221; global_colors_info=&#8221;{}&#8221;][et_pb_column type=&#8221;1_3&#8243; _builder_version=&#8221;4.16&#8243; custom_padding=&#8221;|||&#8221; global_colors_info=&#8221;{}&#8221; custom_padding__hover=&#8221;|||&#8221;][et_pb_image src=&#8221;https:\/\/rrcworldgroup.com\/wp-content\/uploads\/2023\/12\/Chile-alza-combustibles.jpg&#8221; title_text=&#8221;Chile-alza-combustibles&#8221; _builder_version=&#8221;4.23.1&#8243; _module_preset=&#8221;default&#8221; global_colors_info=&#8221;{}&#8221;][\/et_pb_image][\/et_pb_column][et_pb_column type=&#8221;2_3&#8243; _builder_version=&#8221;4.16&#8243; custom_padding=&#8221;|||&#8221; global_colors_info=&#8221;{}&#8221; custom_padding__hover=&#8221;|||&#8221;][et_pb_text admin_label=&#8221;Text&#8221; _builder_version=&#8221;4.23.1&#8243; background_size=&#8221;initial&#8221; background_position=&#8221;top_left&#8221; background_repeat=&#8221;repeat&#8221; use_border_color=&#8221;off&#8221; border_color=&#8221;#ffffff&#8221; border_style=&#8221;solid&#8221; global_colors_info=&#8221;{}&#8221;]<\/p>\n<blockquote>\n<h1 dir=\"ltr\" class=\"text-display-large-bold pt6\">Los costos asociados al transporte registraron aumento principalmente por los combustibles<\/h1>\n<p><span style=\"color: #808080;\">24\/12\/2023<\/span><\/p>\n<p><span style=\"color: #808080;\">Fuente: biobiochile.cl<\/span><\/p>\n<p><span style=\"color: #808080;\"><\/span><\/p>\n<p>En noviembre de 2023, seg\u00fan inform\u00f3 el Instituto Nacional de Estad\u00edsticas (INE), el \u00cdndice de Costos del Transporte (ICT) present\u00f3 un aumento mensual de 0,7%, acumulando 1,4% en lo que va del a\u00f1o.<\/p>\n<p>La variaci\u00f3n del mes se explic\u00f3, principalmente, por el aumento del grupo combustibles (2,2%), que incidi\u00f3 0,695 puntos porcentuales (pp.) sobre la variaci\u00f3n mensual del ICT general.<\/p>\n<p>En tanto, repuestos y accesorios para el funcionamiento y mantenci\u00f3n del veh\u00edculo registr\u00f3 una variaci\u00f3n mensual de 1,5%, con una incidencia de 0,128 pp., mientras que servicios financieros anot\u00f3 una variaci\u00f3n mensual de 0,8%, con una incidencia de 0,082 pp.<br \/>Por su parte, otros servicios relativos al equipo de transporte present\u00f3 una variaci\u00f3n de -0,1% en noviembre, con una incidencia de -0,007 pp.<\/p>\n<p>Finalmente, recursos humanos consign\u00f3 una variaci\u00f3n mensual de -0,4%, con una incidencia de -0,155 pp.<\/p>\n<p>&nbsp;<\/p>\n<h5><a href=\"https:\/\/www.linkedin.com\/feed\/hashtag\/?keywords=chile&amp;highlightedUpdateUrns=urn%3Ali%3Aactivity%3A7118207591997960194\" data-attribute-index=\"0\">#Chile<\/a><span>\u00a0<\/span><a href=\"https:\/\/www.linkedin.com\/feed\/hashtag\/?keywords=logisticainternacional&amp;highlightedUpdateUrns=urn%3Ali%3Aactivity%3A7118207591997960194\" data-attribute-index=\"1\">#LogisticaInternacional<\/a><span>\u00a0<\/span><a href=\"https:\/\/www.linkedin.com\/feed\/hashtag\/?keywords=logisticacolaborativa&amp;highlightedUpdateUrns=urn%3Ali%3Aactivity%3A7118207591997960194\" data-attribute-index=\"2\">#LogisticaColaborativa<\/a><span>\u00a0<\/span><a href=\"https:\/\/www.linkedin.com\/feed\/hashtag\/?keywords=transporte&amp;highlightedUpdateUrns=urn%3Ali%3Aactivity%3A7118207591997960194\" data-attribute-index=\"3\">#Transporte<\/a><span>\u00a0<\/span><a href=\"https:\/\/www.linkedin.com\/feed\/hashtag\/?keywords=rrc&amp;highlightedUpdateUrns=urn%3Ali%3Aactivity%3A7118207591997960194\" data-attribute-index=\"4\">#RRC<\/a><\/h5>\n<\/blockquote>\n<p>[\/et_pb_text][\/et_pb_column][\/et_pb_row][et_pb_row column_structure=&#8221;1_3,2_3&#8243; admin_label=&#8221;Row&#8221; _builder_version=&#8221;4.16&#8243; background_size=&#8221;initial&#8221; background_position=&#8221;top_left&#8221; background_repeat=&#8221;repeat&#8221; global_colors_info=&#8221;{}&#8221;][et_pb_column type=&#8221;1_3&#8243; _builder_version=&#8221;4.16&#8243; custom_padding=&#8221;|||&#8221; global_colors_info=&#8221;{}&#8221; custom_padding__hover=&#8221;|||&#8221;][et_pb_image src=&#8221;https:\/\/rrcworldgroup.com\/wp-content\/uploads\/2023\/12\/jorgefaune.jpeg&#8221; title_text=&#8221;jorgefaune&#8221; _builder_version=&#8221;4.23.1&#8243; _module_preset=&#8221;default&#8221; global_colors_info=&#8221;{}&#8221;][\/et_pb_image][\/et_pb_column][et_pb_column type=&#8221;2_3&#8243; _builder_version=&#8221;4.16&#8243; custom_padding=&#8221;|||&#8221; global_colors_info=&#8221;{}&#8221; custom_padding__hover=&#8221;|||&#8221;][et_pb_text admin_label=&#8221;Text&#8221; _builder_version=&#8221;4.23.1&#8243; background_size=&#8221;initial&#8221; background_position=&#8221;top_left&#8221; background_repeat=&#8221;repeat&#8221; use_border_color=&#8221;off&#8221; border_color=&#8221;#ffffff&#8221; border_style=&#8221;solid&#8221; global_colors_info=&#8221;{}&#8221;]<\/p>\n<blockquote>\n<h1 dir=\"ltr\" class=\"text-display-large-bold pt6\">Jorge Faurie es designado nuevo embajador Argentino en Chile.<\/h1>\n<p><span style=\"color: #808080;\">23\/12\/2023<\/span><\/p>\n<p><span style=\"color: #808080;\"><\/span><\/p>\n<p>Ex canciller del gobierno de Mauricio Macri, Faurie naci\u00f3 en Santa Fe y estudi\u00f3 en un colegio cat\u00f3lico, donde tuvo de profesor al Papa Francisco. Como diplom\u00e1tico estuvo en Chile entre 1989 y 1992. Su larga trayectoria y su paso previo por Chile, derivaron en que su nombramiento fuera le\u00eddo como una apuesta de Milei por reforzar su relaci\u00f3n entre ambos pa\u00edses.<\/p>\n<p>&nbsp;<\/p>\n<h5><a href=\"https:\/\/www.linkedin.com\/feed\/hashtag\/?keywords=chile&amp;highlightedUpdateUrns=urn%3Ali%3Aactivity%3A7118207591997960194\" data-attribute-index=\"0\">#Chile<\/a><span>\u00a0<\/span><a href=\"https:\/\/www.linkedin.com\/feed\/hashtag\/?keywords=logisticainternacional&amp;highlightedUpdateUrns=urn%3Ali%3Aactivity%3A7118207591997960194\" data-attribute-index=\"1\">#LogisticaInternacional<\/a><span>\u00a0<\/span><a href=\"https:\/\/www.linkedin.com\/feed\/hashtag\/?keywords=logisticacolaborativa&amp;highlightedUpdateUrns=urn%3Ali%3Aactivity%3A7118207591997960194\" data-attribute-index=\"2\">#LogisticaColaborativa<\/a><span>\u00a0<\/span><a href=\"https:\/\/www.linkedin.com\/feed\/hashtag\/?keywords=transporte&amp;highlightedUpdateUrns=urn%3Ali%3Aactivity%3A7118207591997960194\" data-attribute-index=\"3\">#Transporte<\/a><span>\u00a0<\/span><a href=\"https:\/\/www.linkedin.com\/feed\/hashtag\/?keywords=rrc&amp;highlightedUpdateUrns=urn%3Ali%3Aactivity%3A7118207591997960194\" data-attribute-index=\"4\">#RRC<\/a><\/h5>\n<\/blockquote>\n<p>[\/et_pb_text][\/et_pb_column][\/et_pb_row][et_pb_row column_structure=&#8221;1_3,2_3&#8243; admin_label=&#8221;Row&#8221; _builder_version=&#8221;4.16&#8243; background_size=&#8221;initial&#8221; background_position=&#8221;top_left&#8221; background_repeat=&#8221;repeat&#8221; global_colors_info=&#8221;{}&#8221;][et_pb_column type=&#8221;1_3&#8243; _builder_version=&#8221;4.16&#8243; custom_padding=&#8221;|||&#8221; global_colors_info=&#8221;{}&#8221; custom_padding__hover=&#8221;|||&#8221;][et_pb_image src=&#8221;https:\/\/rrcworldgroup.com\/wp-content\/uploads\/2023\/12\/CongresoAR.jpg&#8221; title_text=&#8221;CongresoAR&#8221; _builder_version=&#8221;4.23.1&#8243; _module_preset=&#8221;default&#8221; global_colors_info=&#8221;{}&#8221;][\/et_pb_image][\/et_pb_column][et_pb_column type=&#8221;2_3&#8243; _builder_version=&#8221;4.16&#8243; custom_padding=&#8221;|||&#8221; global_colors_info=&#8221;{}&#8221; custom_padding__hover=&#8221;|||&#8221;][et_pb_text admin_label=&#8221;Text&#8221; _builder_version=&#8221;4.23.1&#8243; background_size=&#8221;initial&#8221; background_position=&#8221;top_left&#8221; background_repeat=&#8221;repeat&#8221; use_border_color=&#8221;off&#8221; border_color=&#8221;#ffffff&#8221; border_style=&#8221;solid&#8221; global_colors_info=&#8221;{}&#8221;]<\/p>\n<blockquote>\n<h1 dir=\"ltr\" class=\"text-display-large-bold pt6\">DNU 70\/2023 \u201cBases para la reconstrucci\u00f3n de la Econom\u00eda Argentina\u201d<\/h1>\n<p><span style=\"color: #808080;\">22\/12\/2023<\/span><\/p>\n<p>&nbsp;<\/p>\n<p>Adjuntamos el DNU 2023-70 anunciado por el Presidente Javier Milei como base de la reconstrucci\u00f3n de la Econom\u00eda Argentina.<\/p>\n<p>LINK <a href=\"https:\/\/www.argentina.gob.ar\/normativa\/nacional\/decreto-70-2023-395521\/texto\" target=\"_blank\" rel=\"noopener\">DNU 2023-70<\/a><\/p>\n<p>&nbsp;<\/p>\n<h5><a href=\"https:\/\/www.linkedin.com\/feed\/hashtag\/?keywords=chile&amp;highlightedUpdateUrns=urn%3Ali%3Aactivity%3A7118207591997960194\" data-attribute-index=\"0\">#Chile<\/a><span>\u00a0<\/span><a href=\"https:\/\/www.linkedin.com\/feed\/hashtag\/?keywords=logisticainternacional&amp;highlightedUpdateUrns=urn%3Ali%3Aactivity%3A7118207591997960194\" data-attribute-index=\"1\">#LogisticaInternacional<\/a><span>\u00a0<\/span><a href=\"https:\/\/www.linkedin.com\/feed\/hashtag\/?keywords=logisticacolaborativa&amp;highlightedUpdateUrns=urn%3Ali%3Aactivity%3A7118207591997960194\" data-attribute-index=\"2\">#LogisticaColaborativa<\/a><span>\u00a0<\/span><a href=\"https:\/\/www.linkedin.com\/feed\/hashtag\/?keywords=transporte&amp;highlightedUpdateUrns=urn%3Ali%3Aactivity%3A7118207591997960194\" data-attribute-index=\"3\">#Transporte<\/a><span>\u00a0<\/span><a href=\"https:\/\/www.linkedin.com\/feed\/hashtag\/?keywords=rrc&amp;highlightedUpdateUrns=urn%3Ali%3Aactivity%3A7118207591997960194\" data-attribute-index=\"4\">#RRC<\/a><\/h5>\n<\/blockquote>\n<p>[\/et_pb_text][\/et_pb_column][\/et_pb_row][et_pb_row column_structure=&#8221;1_3,2_3&#8243; admin_label=&#8221;Row&#8221; _builder_version=&#8221;4.16&#8243; background_size=&#8221;initial&#8221; background_position=&#8221;top_left&#8221; background_repeat=&#8221;repeat&#8221; global_colors_info=&#8221;{}&#8221;][et_pb_column type=&#8221;1_3&#8243; _builder_version=&#8221;4.16&#8243; custom_padding=&#8221;|||&#8221; global_colors_info=&#8221;{}&#8221; custom_padding__hover=&#8221;|||&#8221;][et_pb_image src=&#8221;https:\/\/rrcworldgroup.com\/wp-content\/uploads\/2023\/11\/Chile-y-Argentina-firman-memorandum.jpeg&#8221; title_text=&#8221;Chile-y-Argentina-firman-memorandum&#8221; _builder_version=&#8221;4.23.1&#8243; _module_preset=&#8221;default&#8221; global_colors_info=&#8221;{}&#8221;][\/et_pb_image][\/et_pb_column][et_pb_column type=&#8221;2_3&#8243; _builder_version=&#8221;4.16&#8243; custom_padding=&#8221;|||&#8221; global_colors_info=&#8221;{}&#8221; custom_padding__hover=&#8221;|||&#8221;][et_pb_text admin_label=&#8221;Text&#8221; _builder_version=&#8221;4.16&#8243; background_size=&#8221;initial&#8221; background_position=&#8221;top_left&#8221; background_repeat=&#8221;repeat&#8221; use_border_color=&#8221;off&#8221; border_color=&#8221;#ffffff&#8221; border_style=&#8221;solid&#8221; global_colors_info=&#8221;{}&#8221;]<\/p>\n<blockquote>\n<h1 dir=\"ltr\" class=\"text-display-large-bold pt6\">Chile y Argentina acuerdan establecer un grupo de trabajo Binacional de Litio y Salares<\/h1>\n<p><span style=\"color: #808080;\">14\/11\/2023<\/span><\/p>\n<p>&nbsp;<\/p>\n<h5><span>Chile y Argentina firmaron el 9 de Noviembre de 2023, un &#8220;memor\u00e1ndum de entendimiento&#8221; para establecer el Grupo de Trabajo Binacional de Litio y Salares, hito que institucionaliz\u00f3 la colaboraci\u00f3n que ambos Estados han desplegado desde junio de 2022 con el fin de &#8220;intercambiar experiencias entre empresas y equipos cient\u00edficos, la formaci\u00f3n y capacitaci\u00f3n de recursos humanos y el est\u00edmulo al desarrollo de los encadenamientos productivos relacionados con esta industria&#8221;, una de sus \u00e1reas compartidas con mayor proyecci\u00f3n productiva.<\/span><\/h5>\n<h5><span>El ministro de Relaciones Exteriores chileno, Alberto van Klaveren, y su hom\u00f3logo argentino, Santiago Cafiero, formalizaron los esfuerzos de ambos pa\u00edses en materia de litio considerando como ejes principales la &#8220;sostenibilidad ambiental, econ\u00f3mica y social; formaci\u00f3n y capacitaci\u00f3n de recursos humanos, y agregaci\u00f3n de valor&#8221;, seg\u00fan detall\u00f3 la Canciller\u00eda chilena.<\/span><br \/><span><\/span><\/h5>\n<h5><span>El acuerdo, se\u00f1al\u00f3 van Klaveren, \u201crepresenta un hito para Chile, siendo de gran valor para la Estrategia Nacional del Litio, la cual tiene como prop\u00f3sito incorporar capital, tecnolog\u00eda, sostenibilidad y agregaci\u00f3n de valor al sector productivo en armon\u00eda con las comunidades, vinculando el desarrollo econ\u00f3mico de Chile con el cambio hacia una econom\u00eda verde a nivel global\u201d. <\/span><span><\/span><span>\u201cChile y Argentina son actores claves en el mercado del litio, por lo que resulta provechoso para ambos pa\u00edses actuar de manera articulada en esta materia, para que avancemos en colaboraci\u00f3n hacia un desarrollo que sea m\u00e1s productivo, m\u00e1s inclusivo, y, sobre todo, m\u00e1s sostenible para la regi\u00f3n&#8221;, afirm\u00f3 por su parte a subsecretaria de Relaciones Econ\u00f3micas Internacionales de Chile, Claudia Sanhueza.<\/span><\/h5>\n<h5><span>Chile, Bolivia y Argentina forman el llamado &#8220;tri\u00e1ngulo del litio&#8221;, con territorio que a la fecha concentra los mayores yacimientos encontrados en salares a nivel global, con una ola de inversiones para adquirir activos de este metal clave en la transici\u00f3n energ\u00e9tica.<\/span><br \/><span>Seg\u00fan proyect\u00f3 la Comisi\u00f3n Chilena del Cobre (Cochilco) en mayo pasado, Chile caer\u00e1 de la segunda a la tercera posici\u00f3n global en la producci\u00f3n de litio y ceder\u00e1 a Argentina el liderazgo suramericano en 2035, con una diferencia de 79.000 toneladas.<\/span><br \/><span><\/span><\/h5>\n<h5><span>A pesar de que en el pa\u00eds suramericano hay m\u00e1s de 50 salares, actualmente solo se explota uno, el citado de Atacama, el m\u00e1s grande Chile y tercero del mundo.<\/span><br \/><span>A cargo de explotar el litio chileno solo hay dos empresas: la Sociedad Qu\u00edmica y Minera SQM, controlada por la china Tianqi y el yerno del exdictador Augusto Pinochet (1973-1990), Julio Ponce Lerou; y la estadounidense Albemarle.<\/span><br \/><span><\/span><\/h5>\n<h5><span>Seg\u00fan el Consejo Fiscal Aut\u00f3nomo (CFA), en 2022 el Estado recibi\u00f3 m\u00e1s de 5.000 millones de d\u00f3lares por la explotaci\u00f3n de ese mineral, equivalentes al 1,6 % del PIB.<\/span><br \/><span>En 2022 hubo ventas de carbonato de litio al exterior por 7.763 millones de d\u00f3lares, un aumento de 777 % respecto de 2021, seg\u00fan el Banco Central.<\/span><a href=\"https:\/\/www.linkedin.com\/feed\/hashtag\/?keywords=chile&amp;highlightedUpdateUrns=urn%3Ali%3Aactivity%3A7118207591997960194\" data-attribute-index=\"0\"><\/a><\/h5>\n<h5><\/h5>\n<h5><a href=\"https:\/\/www.linkedin.com\/feed\/hashtag\/?keywords=chile&amp;highlightedUpdateUrns=urn%3Ali%3Aactivity%3A7118207591997960194\" data-attribute-index=\"0\">#Chile<\/a><span>\u00a0<\/span><a href=\"https:\/\/www.linkedin.com\/feed\/hashtag\/?keywords=logisticainternacional&amp;highlightedUpdateUrns=urn%3Ali%3Aactivity%3A7118207591997960194\" data-attribute-index=\"1\">#LogisticaInternacional<\/a><span>\u00a0<\/span><a href=\"https:\/\/www.linkedin.com\/feed\/hashtag\/?keywords=logisticacolaborativa&amp;highlightedUpdateUrns=urn%3Ali%3Aactivity%3A7118207591997960194\" data-attribute-index=\"2\">#LogisticaColaborativa<\/a><span>\u00a0<\/span><a href=\"https:\/\/www.linkedin.com\/feed\/hashtag\/?keywords=transporte&amp;highlightedUpdateUrns=urn%3Ali%3Aactivity%3A7118207591997960194\" data-attribute-index=\"3\">#Transporte<\/a><span>\u00a0<\/span><a href=\"https:\/\/www.linkedin.com\/feed\/hashtag\/?keywords=rrc&amp;highlightedUpdateUrns=urn%3Ali%3Aactivity%3A7118207591997960194\" data-attribute-index=\"4\">#RRC<\/a><\/h5>\n<\/blockquote>\n<p>[\/et_pb_text][\/et_pb_column][\/et_pb_row][et_pb_row column_structure=&#8221;1_3,2_3&#8243; admin_label=&#8221;Row&#8221; _builder_version=&#8221;4.16&#8243; background_size=&#8221;initial&#8221; background_position=&#8221;top_left&#8221; background_repeat=&#8221;repeat&#8221; global_colors_info=&#8221;{}&#8221;][et_pb_column type=&#8221;1_3&#8243; _builder_version=&#8221;4.16&#8243; custom_padding=&#8221;|||&#8221; global_colors_info=&#8221;{}&#8221; custom_padding__hover=&#8221;|||&#8221;][et_pb_image src=&#8221;https:\/\/rrcworldgroup.com\/wp-content\/uploads\/2023\/10\/1697111745208.jpeg&#8221; title_text=&#8221;1697111745208&#8243; _builder_version=&#8221;4.21.0&#8243; _module_preset=&#8221;default&#8221; global_colors_info=&#8221;{}&#8221;][\/et_pb_image][\/et_pb_column][et_pb_column type=&#8221;2_3&#8243; _builder_version=&#8221;4.16&#8243; custom_padding=&#8221;|||&#8221; global_colors_info=&#8221;{}&#8221; custom_padding__hover=&#8221;|||&#8221;][et_pb_text admin_label=&#8221;Text&#8221; _builder_version=&#8221;4.16&#8243; background_size=&#8221;initial&#8221; background_position=&#8221;top_left&#8221; background_repeat=&#8221;repeat&#8221; use_border_color=&#8221;off&#8221; border_color=&#8221;#ffffff&#8221; border_style=&#8221;solid&#8221; global_colors_info=&#8221;{}&#8221;]<\/p>\n<blockquote>\n<h1 dir=\"ltr\" class=\"text-display-large-bold pt6\"><span data-scaffold-immersive-reader-title=\"\">RRC particip\u00f3 del lanzamiento del plan de log\u00edstica colaborativa 2023-2024<\/span><\/h1>\n<p><span style=\"color: #808080;\">10\/10\/2023<\/span><\/p>\n<p>&nbsp;<\/p>\n<h5><span>El plan de log\u00edstica colaborativa tiene por objeto evitar costos adicionales en las operaciones de comercio internacional y mitigar posibles ineficiencias en el transporte de mercader\u00edas durante la temporada 2023-2024, para las cargas que se operan a trav\u00e9s de los Puertos del Estado (Chile), Aeropuerto Internacional Arturo Merino Benitez (SCL) y Complejo fronterizo de Los Andes (PTLA).<\/span><br \/><span>La coordinaci\u00f3n de los procesos, la productividad, las condiciones de accesibilidad y la seguridad terrestre fueron los ejes tratados en el encuentro para el cumplimiento de los objetivos.<\/span><br \/><span>Se estableci\u00f3 un sistema de env\u00edo de reportes de parte del Ministerio de Transportes y Econom\u00eda para dar seguimiento a las metas definidas previamente, las cuales ser\u00e1n revisadas en reuniones de coordinaci\u00f3n para difundir avances, abriendo un espacio para levantar tambi\u00e9n nuevas iniciativas de parte del sector privado.<\/span><br \/><a href=\"https:\/\/www.linkedin.com\/feed\/hashtag\/?keywords=chile&amp;highlightedUpdateUrns=urn%3Ali%3Aactivity%3A7118207591997960194\" data-attribute-index=\"0\">#Chile<\/a><span>\u00a0<\/span><a href=\"https:\/\/www.linkedin.com\/feed\/hashtag\/?keywords=logisticainternacional&amp;highlightedUpdateUrns=urn%3Ali%3Aactivity%3A7118207591997960194\" data-attribute-index=\"1\">#LogisticaInternacional<\/a><span>\u00a0<\/span><a href=\"https:\/\/www.linkedin.com\/feed\/hashtag\/?keywords=logisticacolaborativa&amp;highlightedUpdateUrns=urn%3Ali%3Aactivity%3A7118207591997960194\" data-attribute-index=\"2\">#LogisticaColaborativa<\/a><span>\u00a0<\/span><a href=\"https:\/\/www.linkedin.com\/feed\/hashtag\/?keywords=transporte&amp;highlightedUpdateUrns=urn%3Ali%3Aactivity%3A7118207591997960194\" data-attribute-index=\"3\">#Transporte<\/a><span>\u00a0<\/span><a href=\"https:\/\/www.linkedin.com\/feed\/hashtag\/?keywords=rrc&amp;highlightedUpdateUrns=urn%3Ali%3Aactivity%3A7118207591997960194\" data-attribute-index=\"4\">#RRC<\/a><\/h5>\n<\/blockquote>\n<p>[\/et_pb_text][\/et_pb_column][\/et_pb_row][et_pb_row column_structure=&#8221;1_3,2_3&#8243; admin_label=&#8221;Row&#8221; _builder_version=&#8221;4.16&#8243; background_size=&#8221;initial&#8221; background_position=&#8221;top_left&#8221; background_repeat=&#8221;repeat&#8221; global_colors_info=&#8221;{}&#8221;][et_pb_column type=&#8221;1_3&#8243; _builder_version=&#8221;4.16&#8243; custom_padding=&#8221;|||&#8221; global_colors_info=&#8221;{}&#8221; custom_padding__hover=&#8221;|||&#8221;][et_pb_video src=&#8221;https:\/\/rrcworldgroup.com\/wp-content\/uploads\/2023\/10\/rrc.mp4&#8243; admin_label=&#8221;Video&#8221; _builder_version=&#8221;4.23&#8243; global_colors_info=&#8221;{}&#8221;]&nbsp;<br \/>\n[\/et_pb_video][\/et_pb_column][et_pb_column type=&#8221;2_3&#8243; _builder_version=&#8221;4.16&#8243; custom_padding=&#8221;|||&#8221; global_colors_info=&#8221;{}&#8221; custom_padding__hover=&#8221;|||&#8221;][et_pb_text admin_label=&#8221;Text&#8221; _builder_version=&#8221;4.16&#8243; background_size=&#8221;initial&#8221; background_position=&#8221;top_left&#8221; background_repeat=&#8221;repeat&#8221; use_border_color=&#8221;off&#8221; border_color=&#8221;#ffffff&#8221; border_style=&#8221;solid&#8221; global_colors_info=&#8221;{}&#8221;]<\/p>\n<blockquote>\n<h1 dir=\"ltr\" class=\"text-display-large-bold pt6\">La Ruta Los Libertadores y la Desafiante Cuesta Caracoles: Un Trayecto de Conectividad y Superaci\u00f3n para los Camioneros Internacionales.<\/h1>\n<p><span style=\"color: #808080;\">10\/10\/2023<\/span><\/p>\n<p>&nbsp;<\/p>\n<h5>Para los camioneros que operan en el transporte de carga por carretera entre Chile y Argentina, la Ruta Los Libertadores es mucho m\u00e1s que una simple v\u00eda de comunicaci\u00f3n. Es un v\u00ednculo vital que une a dos pa\u00edses vecinos, facilitando el intercambio comercial y la integraci\u00f3n de las econom\u00edas de ambas naciones.<\/h5>\n<h5>Este corredor vial, que cruza la cordillera de los Andes, es una ruta de incomparable belleza esc\u00e9nica, pero tambi\u00e9n representa una serie de desaf\u00edos que solo los m\u00e1s experimentados camioneros est\u00e1n preparados para enfrentar. La importancia de esta ruta se refleja en el flujo constante de camiones que transportan mercanc\u00edas entre Chile y Argentina, contribuyendo al desarrollo econ\u00f3mico y fortaleciendo los lazos entre ambas naciones. Uno de los puntos m\u00e1s destacados de la Ruta Los Libertadores y m\u00e1s temidos por los camioneros, es la Cuesta Caracoles.<\/h5>\n<h5>Esta cuesta serpenteante, famosa por sus pronunciadas curvas y pendientes empinadas, representa un desaf\u00edo extraordinario incluso para los conductores m\u00e1s experimentados. A lo largo de la Cuesta Caracoles, los camioneros deben enfrentar condiciones clim\u00e1ticas adversas, como intensas nevadas en invierno y deslizamientos de tierra en otras \u00e9pocas del a\u00f1o. La altitud tambi\u00e9n es un factor significativo, ya que se superan los 3,000 metros sobre el nivel del mar, lo que puede afectar la potencia de los motores de los camiones y la capacidad de los conductores para adaptarse a la altitud.<\/h5>\n<h5>Cada viaje es una prueba de habilidad, experiencia y perseverancia para los camioneros. Cada curva y cada subida exigen una atenci\u00f3n inquebrantable y una comprensi\u00f3n profunda del comportamiento del veh\u00edculo y del terreno. No es una tarea sencilla, pero los camioneros saben que su labor es esencial para mantener el flujo de bienes y servicios entre Chile y Argentina.<\/h5>\n<h5>Es importante resaltar que los avances tecnol\u00f3gicos en el transporte de carga han brindado herramientas valiosas para mejorar la seguridad y la eficiencia en la ruta. Los camioneros cuentan con sistemas de navegaci\u00f3n avanzados, monitoreo en tiempo real y comunicaci\u00f3n constante con las bases operativas, lo que ha contribuido a hacer de la Cuesta Caracoles un trayecto m\u00e1s seguro.<\/h5>\n<h5>La Ruta Los Libertadores y su desafiante Cuesta Caracoles son un testimonio vivo de la importancia de la conectividad y el compromiso de los camioneros internacionales. Su labor es clave para el desarrollo econ\u00f3mico de Chile y Argentina, y enfrentar esta ruta ic\u00f3nica es una muestra de valent\u00eda y dedicaci\u00f3n.<\/h5>\n<h5>Desde la perspectiva de un camionero, cada viaje a trav\u00e9s de la Cuesta Caracoles es un desaf\u00edo personal, pero tambi\u00e9n es una oportunidad para contribuir al progreso de dos naciones hermanas. Es un viaje que combina la belleza natural de la cordillera de los Andes con la resiliencia humana y la voluntad de superar obst\u00e1culos.<\/h5>\n<\/blockquote>\n<p>[\/et_pb_text][\/et_pb_column][\/et_pb_row][et_pb_row column_structure=&#8221;1_3,2_3&#8243; admin_label=&#8221;Row&#8221; _builder_version=&#8221;4.16&#8243; background_size=&#8221;initial&#8221; background_position=&#8221;top_left&#8221; background_repeat=&#8221;repeat&#8221; global_colors_info=&#8221;{}&#8221;][et_pb_column type=&#8221;1_3&#8243; _builder_version=&#8221;4.16&#8243; custom_padding=&#8221;|||&#8221; global_colors_info=&#8221;{}&#8221; custom_padding__hover=&#8221;|||&#8221;][et_pb_image src=&#8221;https:\/\/rrcworldgroup.com\/wp-content\/uploads\/2023\/11\/volvoironwoman.jpg&#8221; title_text=&#8221;volvoironwoman&#8221; _builder_version=&#8221;4.23.1&#8243; _module_preset=&#8221;default&#8221; global_colors_info=&#8221;{}&#8221;][\/et_pb_image][\/et_pb_column][et_pb_column type=&#8221;2_3&#8243; _builder_version=&#8221;4.16&#8243; custom_padding=&#8221;|||&#8221; global_colors_info=&#8221;{}&#8221; custom_padding__hover=&#8221;|||&#8221;][et_pb_text admin_label=&#8221;Text&#8221; _builder_version=&#8221;4.16&#8243; background_size=&#8221;initial&#8221; background_position=&#8221;top_left&#8221; background_repeat=&#8221;repeat&#8221; use_border_color=&#8221;off&#8221; border_color=&#8221;#ffffff&#8221; border_style=&#8221;solid&#8221; global_colors_info=&#8221;{}&#8221;]<\/p>\n<blockquote>\n<h3>Volvo Iron Woman: Empoderando a Mujeres en el Transporte de Carga por Carretera&#8221;<\/h3>\n<p><span style=\"color: #808080;\">29\/08\/2023<\/span><\/p>\n<p>&nbsp;<\/p>\n<h5><span>En el mundo del transporte de carga por carretera, las mujeres est\u00e1n demostrando cada vez m\u00e1s su capacidad para romper barreras y conquistar espacios tradicionalmente dominados por hombres. Volvo, como una empresa l\u00edder en la industria, ha lanzado un programa inspirador llamado &#8220;Volvo Iron Woman&#8221;, que busca empoderar y reconocer el papel fundamental que desempe\u00f1an las mujeres en este rubro. En esta nota, exploraremos c\u00f3mo este programa est\u00e1 marcando la diferencia y promoviendo la inclusi\u00f3n y diversidad en el transporte de carga.<\/span><\/h5>\n<p>&nbsp;<\/p>\n<p><span>El programa Volvo Iron Woman es una iniciativa que destaca los logros y la dedicaci\u00f3n de mujeres que trabajan en el transporte de carga por carretera. Este emocionante proyecto busca resaltar las historias de \u00e9xito de mujeres camioneras, mec\u00e1nicas, ingenieras y todas aquellas que est\u00e1n involucradas en distintos roles dentro de esta industria. La idea central es mostrar que el g\u00e9nero no define la habilidad ni la pasi\u00f3n por el trabajo, y que las mujeres son igualmente capaces de enfrentar los desaf\u00edos de este sector.<\/span><\/p>\n<p><span>Hist\u00f3ricamente, el transporte de carga por carretera ha sido considerado un \u00e1mbito masculino, lo que ha llevado a la perpetuaci\u00f3n de estereotipos y barreras para las mujeres que buscan incursionar en esta profesi\u00f3n. Sin embargo, gracias a programas como Volvo Iron Woman, estas concepciones err\u00f3neas est\u00e1n siendo desafiadas.<\/span><\/p>\n<p><span>El programa no s\u00f3lo celebra los logros individuales de las mujeres en la industria, sino que tambi\u00e9n busca generar un cambio cultural al destacar la importancia de la diversidad en el sector del transporte de carga. Las mujeres camioneras est\u00e1n demostrando que son igualmente competentes para manejar grandes veh\u00edculos en carreteras desafiantes y llevar cargas de valor a distintos destinos, lo que refleja la importancia de eliminar los estereotipos de g\u00e9nero y reconocer el talento en funci\u00f3n de las habilidades y capacidades individuales.<\/span><\/p>\n<p><span>Volvo Iron Woman tambi\u00e9n se enfoca en crear oportunidades para que m\u00e1s mujeres se integren a la industria del transporte de carga por carretera. A trav\u00e9s de programas de capacitaci\u00f3n y mentor\u00eda, Volvo est\u00e1 trabajando para derribar las barreras y brindar el apoyo necesario para que las mujeres puedan desarrollar su potencial en este campo.<\/span><\/p>\n<p><span>Adem\u00e1s, la visibilidad que obtienen a trav\u00e9s del programa puede inspirar a otras mujeres a considerar carreras en el transporte de carga, y tambi\u00e9n fomentar el respaldo y reconocimiento de sus habilidades por parte de la comunidad en general.<\/span><br \/><span>Un paso significativo hacia la equidad de g\u00e9nero en el rubro.<\/span><\/p>\n<p><span>Volvo y RRC Internacional lideran el camino hacia un futuro m\u00e1s igualitario, donde el talento y las habilidades individuales son reconocidos sin importar el g\u00e9nero.<\/span><\/p>\n<\/blockquote>\n<p>[\/et_pb_text][\/et_pb_column][\/et_pb_row][et_pb_row column_structure=&#8221;1_3,2_3&#8243; admin_label=&#8221;Row&#8221; _builder_version=&#8221;4.16&#8243; background_size=&#8221;initial&#8221; background_position=&#8221;top_left&#8221; background_repeat=&#8221;repeat&#8221; global_colors_info=&#8221;{}&#8221;][et_pb_column type=&#8221;1_3&#8243; _builder_version=&#8221;4.16&#8243; custom_padding=&#8221;|||&#8221; global_colors_info=&#8221;{}&#8221; custom_padding__hover=&#8221;|||&#8221;][et_pb_video src=&#8221;https:\/\/youtu.be\/7ZLSjnssmUo&#8221; admin_label=&#8221;Video&#8221; _builder_version=&#8221;4.16&#8243; global_colors_info=&#8221;{}&#8221;]&nbsp;<br \/>\n[\/et_pb_video][\/et_pb_column][et_pb_column type=&#8221;2_3&#8243; _builder_version=&#8221;4.16&#8243; custom_padding=&#8221;|||&#8221; global_colors_info=&#8221;{}&#8221; custom_padding__hover=&#8221;|||&#8221;][et_pb_text admin_label=&#8221;Text&#8221; _builder_version=&#8221;4.16&#8243; background_size=&#8221;initial&#8221; background_position=&#8221;top_left&#8221; background_repeat=&#8221;repeat&#8221; use_border_color=&#8221;off&#8221; border_color=&#8221;#ffffff&#8221; border_style=&#8221;solid&#8221; global_colors_info=&#8221;{}&#8221;]<\/p>\n<blockquote>\n<h3>CRUZANDO &#8220;LOS CARACOLES&#8221;<\/h3>\n<p><span style=\"color: #808080;\">22\/06\/2023<\/span><\/p>\n<p>&nbsp;<\/p>\n<h5><span style=\"color: #808080;\">Durante casi 40 a\u00f1os, el conductor Manuel Manrique ha estado cruzando\u00a0a trav\u00e9s del mortal paso fronterizo\u00a0conocido como &#8220;Los Caracoles&#8221;, una ruta\u00a0impresionante con 29 sinuosas y peligrosas curvas, que alcanza los 3.200 metros sobre el nivel del mar.<\/span><\/h5>\n<\/blockquote>\n<p>[\/et_pb_text][\/et_pb_column][\/et_pb_row][\/et_pb_section]<\/p>\n","protected":false},"excerpt":{"rendered":"<p>NOTICIAS &nbsp; Entrevista CNN Presidente Chile Transporte 26\/03\/2026 La palabra de Don Ra\u00fal Rom\u00e1n Clavero CEO de nuestra cia y Presidente de Chile Transporte AG @chiletransporte en CNN Chile explicando el impacto del alza de los combustibles para el transporte por carretera. &nbsp; #RRC #AlzaCombustibles #Transporte #Chile #Argentina #Peru #Brasil RRC ThinkGreen Scania R 460 [&hellip;]<\/p>\n","protected":false},"author":1,"featured_media":0,"parent":0,"menu_order":0,"comment_status":"closed","ping_status":"closed","template":"","meta":{"_et_pb_use_builder":"on","_et_pb_old_content":"","_et_gb_content_width":"","footnotes":""},"class_list":["post-620","page","type-page","status-publish","hentry"],"_links":{"self":[{"href":"https:\/\/rrcworldgroup.com\/index.php?rest_route=\/wp\/v2\/pages\/620","targetHints":{"allow":["GET"]}}],"collection":[{"href":"https:\/\/rrcworldgroup.com\/index.php?rest_route=\/wp\/v2\/pages"}],"about":[{"href":"https:\/\/rrcworldgroup.com\/index.php?rest_route=\/wp\/v2\/types\/page"}],"author":[{"embeddable":true,"href":"https:\/\/rrcworldgroup.com\/index.php?rest_route=\/wp\/v2\/users\/1"}],"replies":[{"embeddable":true,"href":"https:\/\/rrcworldgroup.com\/index.php?rest_route=%2Fwp%2Fv2%2Fcomments&post=620"}],"version-history":[{"count":9,"href":"https:\/\/rrcworldgroup.com\/index.php?rest_route=\/wp\/v2\/pages\/620\/revisions"}],"predecessor-version":[{"id":1111,"href":"https:\/\/rrcworldgroup.com\/index.php?rest_route=\/wp\/v2\/pages\/620\/revisions\/1111"}],"wp:attachment":[{"href":"https:\/\/rrcworldgroup.com\/index.php?rest_route=%2Fwp%2Fv2%2Fmedia&parent=620"}],"curies":[{"name":"wp","href":"https:\/\/api.w.org\/{rel}","templated":true}]}}